{"id":6295,"date":"2021-02-10T15:18:50","date_gmt":"2021-02-10T14:18:50","guid":{"rendered":"http:\/\/davidp166.sg-host.com\/politica-de-cookies\/"},"modified":"2025-03-07T10:21:42","modified_gmt":"2025-03-07T09:21:42","slug":"politica-de-cookies","status":"publish","type":"page","link":"https:\/\/www.pymelegal.es\/ca\/politica-de-cookies","title":{"rendered":"Pol\u00edtica de galetes (cookies)"},"content":{"rendered":"\t\t<div data-elementor-type=\"wp-page\" data-elementor-id=\"6295\" class=\"elementor elementor-6295 elementor-2178\" data-elementor-post-type=\"page\">\n\t\t\t\t\t\t<section class=\"elementor-section elementor-top-section elementor-element elementor-element-29a212f5 elementor-section-boxed elementor-section-height-default elementor-section-height-default\" data-id=\"29a212f5\" data-element_type=\"section\" data-e-type=\"section\">\n\t\t\t\t\t\t<div class=\"elementor-container elementor-column-gap-default\">\n\t\t\t\t\t<div class=\"elementor-column elementor-col-100 elementor-top-column elementor-element elementor-element-5a8ba99a\" data-id=\"5a8ba99a\" data-element_type=\"column\" data-e-type=\"column\">\n\t\t\t<div class=\"elementor-widget-wrap elementor-element-populated\">\n\t\t\t\t\t\t<div class=\"elementor-element elementor-element-2b40550a elementor-widget elementor-widget-heading\" data-id=\"2b40550a\" data-element_type=\"widget\" data-e-type=\"widget\" data-widget_type=\"heading.default\">\n\t\t\t\t<div class=\"elementor-widget-container\">\n\t\t\t\t\t<h1 class=\"elementor-heading-title elementor-size-default\">Pol\u00edtica de galetes (<i>cookies<\/i>)<\/h1>\t\t\t\t<\/div>\n\t\t\t\t<\/div>\n\t\t\t\t<div class=\"elementor-element elementor-element-68dfb238 elementor-widget elementor-widget-text-editor\" data-id=\"68dfb238\" data-element_type=\"widget\" data-e-type=\"widget\" data-widget_type=\"text-editor.default\">\n\t\t\t\t<div class=\"elementor-widget-container\">\n\t\t\t\t\t\t\t\t\t<p class=\"CookieDeclarationIntro\">El web de Pymelegal, S.L. utilitza cookies pr\u00f2pies i de tercers. Una galeta \u00e9s un fitxer que es descarrega al seu ordinador a l\u2019accedir a determinades p\u00e0gines web, entre d\u2019altres finalitats, assegurar el correcte funcionament de la p\u00e0gina, permetre a l\u2019Usuari un acc\u00e9s m\u00e9s r\u00e0pid als serveis seleccionats, emmagatzemar i recuperar informaci\u00f3 sobre els h\u00e0bits de navegaci\u00f3 d\u2019un usuari o del seu equip i fins i tot, depenent de la informaci\u00f3 que continguin i de la forma en qu\u00e8 utilitzi el seu equip, es poden utilitzar per recon\u00e8ixer a l\u2019usuari. Les cookies s\u2019associen \u00fanicament a un usuari an\u00f2nim i el seu ordinador o dispositiu i no proporcionen refer\u00e8ncies que permetin con\u00e8ixer les seves dades personals., Excepte perm\u00eds expr\u00e9s d\u2019aquell.<\/p><p class=\"CookieDeclarationIntro\">L\u2019usuari pot, en tot moment, acceptar o rebutjar les cookies instal\u00b7lades que no siguin estrictament ncesarias per al correcte funcionament del web i l\u2019acc\u00e9s a l\u2019Usuari als seus serveis, a trav\u00e9s de el panell d\u2019ajust de cookies proporcionat al nostre web. Aix\u00ed mateix podr\u00e0 configurar el seu navegador en tot moment sense que aix\u00f2 perjudiqui la possibilitat de l\u2019Usuari d\u2019accedir als continguts. No obstant aix\u00f2 l\u2019informem que el rebuig de les cookies pot disminuir el bon funcionament de la web.<\/p><h2 class=\"CookieTitles\">COOKIES AFECTADES PER LA NORMATIVA I COOKIES EXEMPTES<\/h2><p class=\"CookieDeclarationIntro\">Segons la directiva de la UE, les galetes que requereixen el consentiment informat per part de l\u2019usuari s\u00f3n les galetes d\u2019anal\u00edtica, les de publicitat i afiliaci\u00f3, quedant exceptuades les de car\u00e0cter t\u00e8cnic i les necess\u00e0ries per al funcionament de la p\u00e0gina web o la prestaci\u00f3 de serveis expressament demandats per l\u2019usuari.<\/p><h2 class=\"CookieTitles\">TIPUS DE COOKIES<\/h2><p>a) Segons l\u2019entitat que les gestioni, hi ha Galetes pr\u00f2pies (aquelles que s\u2019envien a l\u2019equip terminal de l\u2019usuari des d\u2019un equip o domini gestionat pel propi editor i des del qual es presta el servei Sol\u00b7licitat per l\u2019usuari) i de tercers (( les que s\u2019envien a l\u2019equip terminal de l\u2019usuari des d\u2019un equip o domini que no \u00e9s gestionat per l\u2019editor, sin\u00f3 per una altra entitat que tracta les dades obtingudes mitjan\u00e7ant les galetes).<\/p><p>b) Segons el temps que romanen actives, hi ha les de sessi\u00f3 (dissenyades per a demanar i emmagatzemar dades mentre l\u2019usuari accedeix a una p\u00e0gina web) i les persistents (en qu\u00e8 les dades s\u2019emmagatzemen en el terminal i poden ser accedits i tractats durant un per\u00edode definit pel responsable de la galeta -pot anar d\u2019uns minuts a diversos anys-).<\/p><p class=\"CookieDeclarationIntro CookietListText\">c) Segons la finalitat per a la qual tracten la informaci\u00f3 que recopilen, poden ser:<\/p><p class=\"CookieDeclarationIntro CookietListText\">\u2013\u00a0<b>Cookies t\u00e9cniques<\/b> (necess\u00e0ries per a l\u2019\u00fas del web i la prestaci\u00f3 de servei contractat),<\/p><p class=\"CookieDeclarationIntro CookietListText\">\u2013\u00a0<b>Cookies de personalizaci\u00f3<\/b> (que permeten a l\u2019usuari accedir a el servei amb caracter\u00edstiques predefinides, com ara l\u2019idioma, tipus de navegador, configuraci\u00f3 regional, etc.)<\/p><p class=\"CookieDeclarationIntro CookietListText\">\u2013\u00a0<b>Cookies d\u2019<\/b><b>an\u00e1lisis<\/b> (recullen informaci\u00f3 l\u2019\u00fas que es realitza del web),<\/p><p class=\"CookieDeclarationIntro CookietListText\">\u2013\u00a0<b>Cookies publicit\u00e0ries<\/b> (recullen informaci\u00f3 sobre les prefer\u00e8ncies i eleccions personals dels usuaris),<\/p><p class=\"CookieDeclarationIntro CookietListText\">\u2013\u00a0<b>Cookies d\u2019afiliats<\/b>\u00a0(permeten fer un seguiment de les visites procedents d\u2019altres webs, amb les que el lloc web estableix un contracte d\u2019afiliaci\u00f3).<\/p><h2>TIPUS DE COOKIES UTILITZADES PER AQUEST LLOC WEB<\/h2><p>[wcc_category_list]<\/p><h2>REVOCACI\u00d3<\/h2><p style=\"font-weight: 400;\">En tot moment podr\u00e0 accedir a la configuraci\u00f3 del seu navegador acceptant o rebutjant totes les cookies, o b\u00e9 seleccionar aquelles que la instal\u00b7laci\u00f3 admet i les que no, seguint un dels seg\u00fcents procediments, que dep\u00e8n del navegador que utilitzi:<\/p><p style=\"font-weight: 400;\"><strong>Google Chrome<\/strong>\u00a0(al Men\u00fa Eines):<\/p><p style=\"font-weight: 400;\">Configuraci\u00f3 &gt; Mostrar opcions avan\u00e7ades &gt; Privadesa (Configuraci\u00f3 de contingut) &gt; Cookies:<\/p><p style=\"font-weight: 400;\"><a href=\"https:\/\/support.google.com\/chrome\/answer\/95647?co=GENIE.Platform%3DDesktop&amp;hl=es\">https:\/\/support.google.com\/chrome\/answer\/95647?co=GENIE.Platform%3DDesktop&amp;hl=es<\/a><\/p><p style=\"font-weight: 400;\"><strong>Microsoft Edge<\/strong>\u00a0(al Men\u00fa Configuraci\u00f3):<\/p><p style=\"font-weight: 400;\">Configuraci\u00f3 &gt; Cookies i permisos del lloc:<\/p><p style=\"font-weight: 400;\"><a href=\"edge:\/\/settings\/content\/cookies\">edge:\/\/settings\/content\/cookies<\/a><\/p><p style=\"font-weight: 400;\"><strong>Firefox:<\/strong><br \/>Opcions &gt; Privadesa &gt; Cookies:<\/p><p style=\"font-weight: 400;\"><a href=\"https:\/\/support.mozilla.org\/es\/kb\/habilitar-y-deshabilitar-cookies-sitios-web-rastrear-preferencias\">https:\/\/support.mozilla.org\/es\/kb\/habilitar-y-deshabilitar-cookies-sitios-web-rastrear-preferencias<\/a><\/p><p style=\"font-weight: 400;\"><strong>Safari, iPad i iPhone:<\/strong><\/p><p style=\"font-weight: 400;\">Prefer\u00e8ncies &gt; Privadesa<\/p><p style=\"font-weight: 400;\"><a href=\"https:\/\/support.apple.com\/kb\/ph21411?locale=es_ES\">https:\/\/support.apple.com\/kb\/ph21411?locale=es_ES<\/a><\/p><p style=\"font-weight: 400;\"><strong>Opera:<\/strong><\/p><p style=\"font-weight: 400;\">Configuraci\u00f3 &gt; Opcions &gt; Avan\u00e7ada &gt; Cookies<\/p><p style=\"font-weight: 400;\"><a href=\"http:\/\/help.opera.com\/Windows\/12.00\/es-ES\/cookies.html\">http:\/\/help.opera.com\/Windows\/12.00\/es-ES\/cookies.html<\/a><\/p><p style=\"font-weight: 400;\">Aquests navegadors estan sotmesos a actualitzacions o modificacions, pel que no podem garantir que s&#8217;ajustin completament a la versi\u00f3 del seu navegador. Tamb\u00e9 pot ser que utilitzi un altre navegador no contemplat en aquests enlla\u00e7os com ara Konqueror, Arora, Flock, etc. Per evitar aquests desajustos, pot accedir directament des de les opcions del seu navegador, generalment al men\u00fa d\u2019&#8221;Opcions&#8221; a la secci\u00f3 de &#8220;Privacitat\u201d. (Si us plau, consulteu l&#8217;ajuda del seu navegador per a m\u00e9s informaci\u00f3).<\/p><h2>CANVIS EN LA PRESENT POL\u00cdTICA DE COOKIES<\/h2><p style=\"font-weight: 400;\"><strong>[RF_RazonSocial]<\/strong> es reserva el dret a modificar la present pol\u00edtica per adaptar-la a novetats legislatives o jurisprudencials<\/p><h2>DESACTIVACI\u00d3\/ACTIVACI\u00d3 I ELIMINACI\u00d3 DE COOKIES<\/h2><p style=\"font-weight: 400;\">Per restringir o bloquejar les cookies, es fa a trav\u00e9s de la configuraci\u00f3 del navegador.<\/p><p style=\"font-weight: 400;\">Si no desitja que els llocs web posin cap cookie al seu equip, pot adaptar la configuraci\u00f3 del navegador de manera que se li notifiqui abans que es col\u00b7loqui cap cookie. De la mateixa manera, pot adaptar la configuraci\u00f3 de manera que el navegador rebutgi totes les cookies, o \u00fanicament les cookies de tercers. Tamb\u00e9 pot eliminar qualsevol de les cookies que ja es trobin en l&#8217;equip. Recordeu que s&#8217;haur\u00e0 d&#8217;adaptar per separat la configuraci\u00f3 de cada navegador i equip que utilitzi.<\/p><p style=\"font-weight: 400;\">Recordeu que si no desitja rebre cookies, ja no podrem garantir que el nostre lloc web funcioni com cal. Potser algunes funcions del lloc es perdin i \u00e9s possible que ja no pugui veure certs llocs web. A m\u00e9s, rebutjar les cookies no vol dir que ja no vagi a veure anuncis publicitaris. Simplement, els anuncis no s&#8217;ajustaran als seus interessos i es repetiran amb m\u00e9s freq\u00fc\u00e8ncia.<\/p><p style=\"font-weight: 400;\">Cada navegador t\u00e9 un m\u00e8tode diferent per adaptar la configuraci\u00f3. Si cal, consulteu la funci\u00f3 d&#8217;ajuda del navegador per establir la configuraci\u00f3 correcta.<\/p><p style=\"font-weight: 400;\">Per desactivar les cookies al tel\u00e8fon m\u00f2bil, consulteu el manual del dispositiu per obtenir m\u00e9s informaci\u00f3.<\/p><p style=\"font-weight: 400;\">Podeu obtenir m\u00e9s informaci\u00f3 sobre les cookies a Internet, <a href=\"http:\/\/www.aboutcookies.org\/\" target=\"_blank\" rel=\"noopener\">http:\/\/www.aboutcookies.org\/<\/a>.<\/p><p style=\"font-weight: 400;\">Tenint en compte la forma en qu\u00e8 funciona Internet i els llocs web, no sempre comptem amb informaci\u00f3 de les cookies que col\u00b7loquen terceres parts a trav\u00e9s del nostre lloc web. Aix\u00f2 s&#8217;aplica especialment a casos en qu\u00e8 la nostra p\u00e0gina web cont\u00e9 el que es denominen elements integrats: textos, documents, imatges o breus pel\u00b7l\u00edcules que s&#8217;emmagatzemen en una altra part, per\u00f2 es mostren al nostre lloc web o mitjan\u00e7ant el mateix.<\/p><p style=\"font-weight: 400;\">Per tant, en cas que es trobi amb aquest tipus de cookies en aquest lloc web i no estiguin enumerades en la llista anterior, li preguem que ens ho comuniqui. O b\u00e9 poseu-vos en contacte directament amb el tercer per demanar-li informaci\u00f3 sobre les cookies que col\u00b7loca, la finalitat i la durada de la cookie i com ha garantit la seva privacitat.<\/p><h2>INFORMACI\u00d3 RELACIONADA AMB EL TRACTAMENT DE DADES PERSONALS (ART. 13 RGPD)<\/h2><p style=\"font-weight: 400;\"><strong>Qui \u00e9s el responsable del tractament de les seves dades personals?<\/strong><\/p><p style=\"font-weight: 400;\"><strong>Pymelegal, S.L. <\/strong>\u00e9s el responsable del tractament de les dades personals que vost\u00e8 ens proporciona, situat en <span class=\"elementor-icon-list-text\">Avda. Diagonal, 363 \u2013 2\u00ba 1\u00aa A, <\/span>08037, Barcelona\u00a0 i amb CIF B66021288, i mail de contacte <a href=\"mailto:info@pymelegal.es\">info@pymelegal.es<\/a>.<\/p><p style=\"font-weight: 400;\"><strong>Per a qu\u00e8 utilitzem les seves dades personals?<\/strong><\/p><p style=\"font-weight: 400;\">La informaci\u00f3 recopilada a trav\u00e9s de les cookies pr\u00f2pies (cookies de sessi\u00f3 i d&#8217;entrada d&#8217;usuari) es solen utilitzar per a rastrejar les accions de l&#8217;usuari en emplenar els formularis en l\u00ednia en diverses p\u00e0gines, o com a cistella de la compra per a fer el seguiment dels articles que l&#8217;usuari ha seleccionat en pr\u00e9mer un bot\u00f3, o per a personalitzar la <em>interface<\/em> de l&#8217;usuari al visitar la p\u00e0gina web.<\/p><p style=\"font-weight: 400;\">La informaci\u00f3 recopilada a trav\u00e9s de les cookies de tercers \u00e9s la seg\u00fcent:<\/p><ul><li>A trav\u00e9s de les cookies anal\u00edtiques s&#8217;analitzen els seus h\u00e0bits de navegaci\u00f3 per a millorar els serveis prestats;<\/li><li>A trav\u00e9s de les cookies de comportament es recull informaci\u00f3 sobre les prefer\u00e8ncies de l&#8217;usuari per a gestionar els espais publicitaris de la forma m\u00e9s efica\u00e7 possible; i<\/li><li>A trav\u00e9s de les cookies publicit\u00e0ries es mesura el rendiment dels anuncis i es proporcionen recomanacions relatives a productes basades en dades estad\u00edstiques.<\/li><\/ul><p style=\"font-weight: 400;\">Per a veure exactament l&#8217;\u00fas de les cookies vegeu el quadre sobre l&#8217;\u00fas de les cookies en el present document.<\/p><p style=\"font-weight: 400;\"><strong>Quina \u00e9s la base legal per al tractament de les seves dades personals?<\/strong><\/p><p style=\"font-weight: 400;\">La legitimaci\u00f3 per al tractament de les seves dades personals ve donada pel seu consentiment, atorgat en el moment de posar-se en contacte amb nosaltres, per a la utilitzaci\u00f3 de cookies anal\u00edtiques, de comportament i publicit\u00e0ries; per a les cookies de sessi\u00f3 o personalitzaci\u00f3, la legitimaci\u00f3 per al tractament ve donada per l&#8217;inter\u00e8s leg\u00edtim del prestador (responsable del tractament).<\/p><p style=\"font-weight: 400;\"><strong>A qui comuniquem les seves dades?<\/strong><\/p><p style=\"font-weight: 400;\">Compartim informaci\u00f3 sobre l&#8217;\u00fas que faci del lloc web amb els nostres partners de xarxes socials, publicitat i an\u00e0lisi web, els quals poden combinar-la amb altra informaci\u00f3 que els hagi proporcionat que hagin recopilat a partir de l&#8217;\u00fas que hagi fet dels seus serveis.\u00a0Aix\u00ed mateix, es podran comunicar les seves dades de navegaci\u00f3 si aix\u00ed ens \u00e9s requerit per obligaci\u00f3 legal o sota requeriment judicial.<\/p><p style=\"font-weight: 400;\">Per a m\u00e9s informaci\u00f3 sobre l&#8217;\u00fas de dades per part de Google recomanem clicar en el seg\u00fcent enlla\u00e7 de <a href=\"https:\/\/policies.google.com\/technologies\/partner-sites\">privacitat i condicions de Google<\/a>.<\/p><p style=\"font-weight: 400;\">Per a m\u00e9s informaci\u00f3 sobre l&#8217;\u00fas de dades per part de Mailchimp recomanem clicar en el seg\u00fcent enlla\u00e7 de <a href=\"https:\/\/mailchimp.com\/legal\/\">privacitat i condicions de Mailchimp<\/a>.<\/p><p style=\"font-weight: 400;\">Per a m\u00e9s informaci\u00f3 sobre l&#8217;\u00fas de dades per part de NewRelic recomanem clicar en el seg\u00fcent enlla\u00e7 de <a href=\"https:\/\/newrelic.com\/termsandconditions\/privacy\">privacitat i condicions de NewRelic<\/a>.<\/p><p style=\"font-weight: 400;\">Per a m\u00e9s informaci\u00f3 sobre l&#8217;\u00fas de dades per part de Hubspot recomanem clicar en el seg\u00fcent enlla\u00e7 de <a href=\"https:\/\/legal.hubspot.com\/privacy-policy\">privacitat i condicions de Hubspot<\/a>.<\/p><p style=\"font-weight: 400;\">Per a m\u00e9s informaci\u00f3 sobre l&#8217;\u00fas de dades per part de Vimeo recomanem clicar en el seg\u00fcent enlla\u00e7 de <a href=\"https:\/\/vimeo.com\/privacy\">privacitat i condicions de Vimeo<\/a>.<\/p><p style=\"font-weight: 400;\">Per a m\u00e9s informaci\u00f3 sobre l&#8217;\u00fas de dades per part de Metricool recomanem clicar en el seg\u00fcent enlla\u00e7 de <a href=\"https:\/\/metricool.com\/es\/terminos-legales\/\">privacitat i condicions de Metricool<\/a>.<\/p><p style=\"font-weight: 400;\"><strong>Quin \u00e9s el termini de conservaci\u00f3 de les seves dades?<\/strong><\/p><p style=\"font-weight: 400;\">El termini de conservaci\u00f3 de les dades recollides \u00e9s l&#8217;indicat en el quadre sobre l&#8217;\u00fas de les cookies en el present document.<\/p><p style=\"font-weight: 400;\"><strong>Quins s\u00f3n els seus drets?<\/strong><\/p><p style=\"font-weight: 400;\">Els drets que emparen a l&#8217;usuari s\u00f3n els d&#8217;acc\u00e9s, rectificaci\u00f3, supressi\u00f3, portabilitat d&#8217;aquests, retirada del consentiment (sense que aix\u00f2 afecti la licitud del tractament atorgat pr\u00e8viament a la seva retirada), oposici\u00f3 al tractament, limitaci\u00f3 (en determinades circumst\u00e0ncies) i a presentar una reclamaci\u00f3 davant l&#8217;autoritat de control (l&#8217;Ag\u00e8ncia Espanyola de protecci\u00f3 de dades, <a href=\"https:\/\/www.aepd.es\" target=\"_blank\" rel=\"noopener\">www.aepd.es<\/a>).<\/p>\t\t\t\t\t\t\t\t<\/div>\n\t\t\t\t<\/div>\n\t\t\t\t\t<\/div>\n\t\t<\/div>\n\t\t\t\t\t<\/div>\n\t\t<\/section>\n\t\t\t\t<\/div>\n\t\t","protected":false},"excerpt":{"rendered":"<p>Pol\u00edtica de galetes (cookies) El web de Pymelegal, S.L. utilitza cookies pr\u00f2pies i de tercers. Una galeta \u00e9s un fitxer que es descarrega al seu ordinador a l\u2019accedir a determinades p\u00e0gines web, entre d\u2019altres finalitats, assegurar el correcte funcionament de la p\u00e0gina, permetre a l\u2019Usuari un acc\u00e9s m\u00e9s r\u00e0pid als serveis seleccionats, emmagatzemar i recuperar &#8230; <a title=\"Pol\u00edtica de galetes (cookies)\" class=\"read-more\" href=\"https:\/\/www.pymelegal.es\/ca\/politica-de-cookies\" aria-label=\"M\u00e9s informaci\u00f3 sobre Pol\u00edtica de galetes (cookies)\">Read more<\/a><\/p>\n","protected":false},"author":1,"featured_media":5299,"parent":0,"menu_order":0,"comment_status":"closed","ping_status":"closed","template":"","meta":{"content-type":"","footnotes":""},"class_list":["post-6295","page","type-page","status-publish","has-post-thumbnail"],"yoast_head":"<!-- This site is optimized with the Yoast SEO plugin v27.5 - https:\/\/yoast.com\/product\/yoast-seo-wordpress\/ -->\n<title>Pol\u00edtica de galetes (cookies) - PymeLegal<\/title>\n<meta name=\"robots\" content=\"noindex, follow\" \/>\n<meta property=\"og:locale\" content=\"ca_ES\" \/>\n<meta property=\"og:type\" content=\"article\" \/>\n<meta property=\"og:title\" content=\"Pol\u00edtica de galetes (cookies) - PymeLegal\" \/>\n<meta property=\"og:description\" content=\"Pol\u00edtica de galetes (cookies) El web de Pymelegal, S.L. utilitza cookies pr\u00f2pies i de tercers. Una galeta \u00e9s un fitxer que es descarrega al seu ordinador a l\u2019accedir a determinades p\u00e0gines web, entre d\u2019altres finalitats, assegurar el correcte funcionament de la p\u00e0gina, permetre a l\u2019Usuari un acc\u00e9s m\u00e9s r\u00e0pid als serveis seleccionats, emmagatzemar i recuperar ... Read more\" \/>\n<meta property=\"og:url\" content=\"https:\/\/www.pymelegal.es\/ca\/politica-de-cookies\" \/>\n<meta property=\"og:site_name\" content=\"PymeLegal\" \/>\n<meta property=\"article:modified_time\" content=\"2025-03-07T09:21:42+00:00\" \/>\n<meta property=\"og:image\" content=\"https:\/\/www.pymelegal.es\/wp-content\/uploads\/2021\/04\/Adaptacion-y-auditoria-a-la-proteccion-de-datos.jpg\" \/>\n\t<meta property=\"og:image:width\" content=\"750\" \/>\n\t<meta property=\"og:image:height\" content=\"500\" \/>\n\t<meta property=\"og:image:type\" content=\"image\/jpeg\" \/>\n<meta name=\"twitter:card\" content=\"summary_large_image\" \/>\n<meta name=\"twitter:label1\" content=\"Temps estimat de lectura\" \/>\n\t<meta name=\"twitter:data1\" content=\"8 minuts\" \/>\n<script type=\"application\/ld+json\" class=\"yoast-schema-graph\">{\"@context\":\"https:\\\/\\\/schema.org\",\"@graph\":[{\"@type\":\"WebPage\",\"@id\":\"https:\\\/\\\/www.pymelegal.es\\\/ca\\\/politica-de-cookies\",\"url\":\"https:\\\/\\\/www.pymelegal.es\\\/ca\\\/politica-de-cookies\",\"name\":\"Pol\u00edtica de galetes (cookies) - PymeLegal\",\"isPartOf\":{\"@id\":\"https:\\\/\\\/www.pymelegal.es\\\/#website\"},\"primaryImageOfPage\":{\"@id\":\"https:\\\/\\\/www.pymelegal.es\\\/ca\\\/politica-de-cookies#primaryimage\"},\"image\":{\"@id\":\"https:\\\/\\\/www.pymelegal.es\\\/ca\\\/politica-de-cookies#primaryimage\"},\"thumbnailUrl\":\"https:\\\/\\\/www.pymelegal.es\\\/wp-content\\\/uploads\\\/2021\\\/04\\\/Adaptacion-y-auditoria-a-la-proteccion-de-datos.jpg\",\"datePublished\":\"2021-02-10T14:18:50+00:00\",\"dateModified\":\"2025-03-07T09:21:42+00:00\",\"breadcrumb\":{\"@id\":\"https:\\\/\\\/www.pymelegal.es\\\/ca\\\/politica-de-cookies#breadcrumb\"},\"inLanguage\":\"ca\",\"potentialAction\":[{\"@type\":\"ReadAction\",\"target\":[\"https:\\\/\\\/www.pymelegal.es\\\/ca\\\/politica-de-cookies\"]}]},{\"@type\":\"ImageObject\",\"inLanguage\":\"ca\",\"@id\":\"https:\\\/\\\/www.pymelegal.es\\\/ca\\\/politica-de-cookies#primaryimage\",\"url\":\"https:\\\/\\\/www.pymelegal.es\\\/wp-content\\\/uploads\\\/2021\\\/04\\\/Adaptacion-y-auditoria-a-la-proteccion-de-datos.jpg\",\"contentUrl\":\"https:\\\/\\\/www.pymelegal.es\\\/wp-content\\\/uploads\\\/2021\\\/04\\\/Adaptacion-y-auditoria-a-la-proteccion-de-datos.jpg\",\"width\":750,\"height\":500},{\"@type\":\"BreadcrumbList\",\"@id\":\"https:\\\/\\\/www.pymelegal.es\\\/ca\\\/politica-de-cookies#breadcrumb\",\"itemListElement\":[{\"@type\":\"ListItem\",\"position\":1,\"name\":\"Portada\",\"item\":\"https:\\\/\\\/www.pymelegal.es\\\/\"},{\"@type\":\"ListItem\",\"position\":2,\"name\":\"Pol\u00edtica de galetes (cookies)\"}]},{\"@type\":\"WebSite\",\"@id\":\"https:\\\/\\\/www.pymelegal.es\\\/#website\",\"url\":\"https:\\\/\\\/www.pymelegal.es\\\/\",\"name\":\"PymeLegal\",\"description\":\"Adaptaci\u00f3n LOPDGDD-RGPD-LSSICE\",\"publisher\":{\"@id\":\"https:\\\/\\\/www.pymelegal.es\\\/#organization\"},\"potentialAction\":[{\"@type\":\"SearchAction\",\"target\":{\"@type\":\"EntryPoint\",\"urlTemplate\":\"https:\\\/\\\/www.pymelegal.es\\\/?s={search_term_string}\"},\"query-input\":{\"@type\":\"PropertyValueSpecification\",\"valueRequired\":true,\"valueName\":\"search_term_string\"}}],\"inLanguage\":\"ca\"},{\"@type\":\"Organization\",\"@id\":\"https:\\\/\\\/www.pymelegal.es\\\/#organization\",\"name\":\"PymeLegal\",\"url\":\"https:\\\/\\\/www.pymelegal.es\\\/\",\"logo\":{\"@type\":\"ImageObject\",\"inLanguage\":\"ca\",\"@id\":\"https:\\\/\\\/www.pymelegal.es\\\/#\\\/schema\\\/logo\\\/image\\\/\",\"url\":\"https:\\\/\\\/www.pymelegal.es\\\/wp-content\\\/uploads\\\/2023\\\/03\\\/cropped-logo-pymelegal-10-anys-e1678286058678.png\",\"contentUrl\":\"https:\\\/\\\/www.pymelegal.es\\\/wp-content\\\/uploads\\\/2023\\\/03\\\/cropped-logo-pymelegal-10-anys-e1678286058678.png\",\"width\":2364,\"height\":694,\"caption\":\"PymeLegal\"},\"image\":{\"@id\":\"https:\\\/\\\/www.pymelegal.es\\\/#\\\/schema\\\/logo\\\/image\\\/\"}}]}<\/script>\n<!-- \/ Yoast SEO plugin. -->","yoast_head_json":{"title":"Pol\u00edtica de galetes (cookies) - PymeLegal","robots":{"index":"noindex","follow":"follow"},"og_locale":"ca_ES","og_type":"article","og_title":"Pol\u00edtica de galetes (cookies) - PymeLegal","og_description":"Pol\u00edtica de galetes (cookies) El web de Pymelegal, S.L. utilitza cookies pr\u00f2pies i de tercers. Una galeta \u00e9s un fitxer que es descarrega al seu ordinador a l\u2019accedir a determinades p\u00e0gines web, entre d\u2019altres finalitats, assegurar el correcte funcionament de la p\u00e0gina, permetre a l\u2019Usuari un acc\u00e9s m\u00e9s r\u00e0pid als serveis seleccionats, emmagatzemar i recuperar ... Read more","og_url":"https:\/\/www.pymelegal.es\/ca\/politica-de-cookies","og_site_name":"PymeLegal","article_modified_time":"2025-03-07T09:21:42+00:00","og_image":[{"width":750,"height":500,"url":"https:\/\/www.pymelegal.es\/wp-content\/uploads\/2021\/04\/Adaptacion-y-auditoria-a-la-proteccion-de-datos.jpg","type":"image\/jpeg"}],"twitter_card":"summary_large_image","twitter_misc":{"Temps estimat de lectura":"8 minuts"},"schema":{"@context":"https:\/\/schema.org","@graph":[{"@type":"WebPage","@id":"https:\/\/www.pymelegal.es\/ca\/politica-de-cookies","url":"https:\/\/www.pymelegal.es\/ca\/politica-de-cookies","name":"Pol\u00edtica de galetes (cookies) - PymeLegal","isPartOf":{"@id":"https:\/\/www.pymelegal.es\/#website"},"primaryImageOfPage":{"@id":"https:\/\/www.pymelegal.es\/ca\/politica-de-cookies#primaryimage"},"image":{"@id":"https:\/\/www.pymelegal.es\/ca\/politica-de-cookies#primaryimage"},"thumbnailUrl":"https:\/\/www.pymelegal.es\/wp-content\/uploads\/2021\/04\/Adaptacion-y-auditoria-a-la-proteccion-de-datos.jpg","datePublished":"2021-02-10T14:18:50+00:00","dateModified":"2025-03-07T09:21:42+00:00","breadcrumb":{"@id":"https:\/\/www.pymelegal.es\/ca\/politica-de-cookies#breadcrumb"},"inLanguage":"ca","potentialAction":[{"@type":"ReadAction","target":["https:\/\/www.pymelegal.es\/ca\/politica-de-cookies"]}]},{"@type":"ImageObject","inLanguage":"ca","@id":"https:\/\/www.pymelegal.es\/ca\/politica-de-cookies#primaryimage","url":"https:\/\/www.pymelegal.es\/wp-content\/uploads\/2021\/04\/Adaptacion-y-auditoria-a-la-proteccion-de-datos.jpg","contentUrl":"https:\/\/www.pymelegal.es\/wp-content\/uploads\/2021\/04\/Adaptacion-y-auditoria-a-la-proteccion-de-datos.jpg","width":750,"height":500},{"@type":"BreadcrumbList","@id":"https:\/\/www.pymelegal.es\/ca\/politica-de-cookies#breadcrumb","itemListElement":[{"@type":"ListItem","position":1,"name":"Portada","item":"https:\/\/www.pymelegal.es\/"},{"@type":"ListItem","position":2,"name":"Pol\u00edtica de galetes (cookies)"}]},{"@type":"WebSite","@id":"https:\/\/www.pymelegal.es\/#website","url":"https:\/\/www.pymelegal.es\/","name":"PymeLegal","description":"Adaptaci\u00f3n LOPDGDD-RGPD-LSSICE","publisher":{"@id":"https:\/\/www.pymelegal.es\/#organization"},"potentialAction":[{"@type":"SearchAction","target":{"@type":"EntryPoint","urlTemplate":"https:\/\/www.pymelegal.es\/?s={search_term_string}"},"query-input":{"@type":"PropertyValueSpecification","valueRequired":true,"valueName":"search_term_string"}}],"inLanguage":"ca"},{"@type":"Organization","@id":"https:\/\/www.pymelegal.es\/#organization","name":"PymeLegal","url":"https:\/\/www.pymelegal.es\/","logo":{"@type":"ImageObject","inLanguage":"ca","@id":"https:\/\/www.pymelegal.es\/#\/schema\/logo\/image\/","url":"https:\/\/www.pymelegal.es\/wp-content\/uploads\/2023\/03\/cropped-logo-pymelegal-10-anys-e1678286058678.png","contentUrl":"https:\/\/www.pymelegal.es\/wp-content\/uploads\/2023\/03\/cropped-logo-pymelegal-10-anys-e1678286058678.png","width":2364,"height":694,"caption":"PymeLegal"},"image":{"@id":"https:\/\/www.pymelegal.es\/#\/schema\/logo\/image\/"}}]}},"_links":{"self":[{"href":"https:\/\/www.pymelegal.es\/ca\/wp-json\/wp\/v2\/pages\/6295","targetHints":{"allow":["GET"]}}],"collection":[{"href":"https:\/\/www.pymelegal.es\/ca\/wp-json\/wp\/v2\/pages"}],"about":[{"href":"https:\/\/www.pymelegal.es\/ca\/wp-json\/wp\/v2\/types\/page"}],"author":[{"embeddable":true,"href":"https:\/\/www.pymelegal.es\/ca\/wp-json\/wp\/v2\/users\/1"}],"replies":[{"embeddable":true,"href":"https:\/\/www.pymelegal.es\/ca\/wp-json\/wp\/v2\/comments?post=6295"}],"version-history":[{"count":25,"href":"https:\/\/www.pymelegal.es\/ca\/wp-json\/wp\/v2\/pages\/6295\/revisions"}],"predecessor-version":[{"id":14280,"href":"https:\/\/www.pymelegal.es\/ca\/wp-json\/wp\/v2\/pages\/6295\/revisions\/14280"}],"wp:featuredmedia":[{"embeddable":true,"href":"https:\/\/www.pymelegal.es\/ca\/wp-json\/wp\/v2\/media\/5299"}],"wp:attachment":[{"href":"https:\/\/www.pymelegal.es\/ca\/wp-json\/wp\/v2\/media?parent=6295"}],"curies":[{"name":"wp","href":"https:\/\/api.w.org\/{rel}","templated":true}]}}