{"id":15700,"date":"2021-01-27T15:31:50","date_gmt":"2021-01-27T14:31:50","guid":{"rendered":"https:\/\/www.pymelegal.es\/preguntas-frecuentes-proteccion-de-datos"},"modified":"2025-07-30T08:52:23","modified_gmt":"2025-07-30T06:52:23","slug":"preguntes-frequents-proteccio-de-dades","status":"publish","type":"page","link":"https:\/\/www.pymelegal.es\/ca\/preguntes-frequents-proteccio-de-dades","title":{"rendered":"Preguntes freq\u00fcents (FAQs)"},"content":{"rendered":"\t\t<div data-elementor-type=\"wp-page\" data-elementor-id=\"15700\" class=\"elementor elementor-15700 elementor-1328\" data-elementor-post-type=\"page\">\n\t\t\t\t\t\t<section class=\"elementor-section elementor-top-section elementor-element elementor-element-1009151 elementor-section-full_width elementor-section-height-min-height elementor-section-items-stretch elementor-section-content-middle elementor-section-height-default\" data-id=\"1009151\" data-element_type=\"section\" data-e-type=\"section\" data-settings=\"{&quot;background_background&quot;:&quot;classic&quot;}\">\n\t\t\t\t\t\t\t<div class=\"elementor-background-overlay\"><\/div>\n\t\t\t\t\t\t\t<div class=\"elementor-container elementor-column-gap-no\">\n\t\t\t\t\t<div class=\"elementor-column elementor-col-100 elementor-top-column elementor-element elementor-element-9bde972\" data-id=\"9bde972\" data-element_type=\"column\" data-e-type=\"column\">\n\t\t\t<div class=\"elementor-widget-wrap elementor-element-populated\">\n\t\t\t\t\t\t<div class=\"elementor-element elementor-element-1c2c4ed elementor-widget__width-initial elementor-invisible elementor-widget elementor-widget-heading\" data-id=\"1c2c4ed\" data-element_type=\"widget\" data-e-type=\"widget\" data-settings=\"{&quot;_animation&quot;:&quot;fadeInUp&quot;}\" data-widget_type=\"heading.default\">\n\t\t\t\t<div class=\"elementor-widget-container\">\n\t\t\t\t\t<h1 class=\"elementor-heading-title elementor-size-default\">Preguntes freq\u00fcents sobre protecci\u00f3 de dades, propietat intel\u00b7lectual i industrial i normativa digital<\/h1>\t\t\t\t<\/div>\n\t\t\t\t<\/div>\n\t\t\t\t\t<\/div>\n\t\t<\/div>\n\t\t\t\t\t<\/div>\n\t\t<\/section>\n\t\t\t\t<section class=\"elementor-section elementor-top-section elementor-element elementor-element-c8ff459 elementor-section-boxed elementor-section-height-default elementor-section-height-default elementor-invisible\" data-id=\"c8ff459\" data-element_type=\"section\" data-e-type=\"section\" data-settings=\"{&quot;animation&quot;:&quot;fadeIn&quot;,&quot;background_background&quot;:&quot;classic&quot;}\">\n\t\t\t\t\t\t<div class=\"elementor-container elementor-column-gap-default\">\n\t\t\t\t\t<div class=\"elementor-column elementor-col-100 elementor-top-column elementor-element elementor-element-07e4053\" data-id=\"07e4053\" data-element_type=\"column\" data-e-type=\"column\">\n\t\t\t<div class=\"elementor-widget-wrap elementor-element-populated\">\n\t\t\t\t\t\t<div class=\"elementor-element elementor-element-6fbd13f elementor-widget elementor-widget-heading\" data-id=\"6fbd13f\" data-element_type=\"widget\" data-e-type=\"widget\" data-widget_type=\"heading.default\">\n\t\t\t\t<div class=\"elementor-widget-container\">\n\t\t\t\t\t<h2 class=\"elementor-heading-title elementor-size-default\">PROTECCI\u00d3 DE DADES: QU\u00c8, QUI I COM?<\/h2>\t\t\t\t<\/div>\n\t\t\t\t<\/div>\n\t\t\t\t<div class=\"elementor-element elementor-element-7404e52 elementor-widget elementor-widget-accordion\" data-id=\"7404e52\" data-element_type=\"widget\" data-e-type=\"widget\" data-widget_type=\"accordion.default\">\n\t\t\t\t<div class=\"elementor-widget-container\">\n\t\t\t\t\t\t\t<div class=\"elementor-accordion\">\n\t\t\t\t\t\t\t<div class=\"elementor-accordion-item\">\n\t\t\t\t\t<h3 id=\"elementor-tab-title-1211\" class=\"elementor-tab-title\" data-tab=\"1\" role=\"button\" aria-controls=\"elementor-tab-content-1211\" aria-expanded=\"false\">\n\t\t\t\t\t\t\t\t\t\t\t\t\t<span class=\"elementor-accordion-icon elementor-accordion-icon-left\" aria-hidden=\"true\">\n\t\t\t\t\t\t\t\t\t\t\t\t\t\t\t<span class=\"elementor-accordion-icon-closed\"><i class=\"fas fa-chevron-down\"><\/i><\/span>\n\t\t\t\t\t\t\t\t<span class=\"elementor-accordion-icon-opened\"><i class=\"fas fa-chevron-up\"><\/i><\/span>\n\t\t\t\t\t\t\t\t\t\t\t\t\t\t<\/span>\n\t\t\t\t\t\t\t\t\t\t\t\t<a class=\"elementor-accordion-title\" tabindex=\"0\">Qu\u00e8 \u00e9s la protecci\u00f3 de dades i per a qu\u00e8 serveix?<\/a>\n\t\t\t\t\t<\/h3>\n\t\t\t\t\t<div id=\"elementor-tab-content-1211\" class=\"elementor-tab-content elementor-clearfix\" data-tab=\"1\" role=\"region\" aria-labelledby=\"elementor-tab-title-1211\">\u00c9s el conjunt de normatives que regulen com s\u2019han de tractar les dades personals per garantir la privacitat de les persones. Serveix per evitar-ne un \u00fas indegut o no autoritzat.<\/div>\n\t\t\t\t<\/div>\n\t\t\t\t\t\t\t<div class=\"elementor-accordion-item\">\n\t\t\t\t\t<h3 id=\"elementor-tab-title-1212\" class=\"elementor-tab-title\" data-tab=\"2\" role=\"button\" aria-controls=\"elementor-tab-content-1212\" aria-expanded=\"false\">\n\t\t\t\t\t\t\t\t\t\t\t\t\t<span class=\"elementor-accordion-icon elementor-accordion-icon-left\" aria-hidden=\"true\">\n\t\t\t\t\t\t\t\t\t\t\t\t\t\t\t<span class=\"elementor-accordion-icon-closed\"><i class=\"fas fa-chevron-down\"><\/i><\/span>\n\t\t\t\t\t\t\t\t<span class=\"elementor-accordion-icon-opened\"><i class=\"fas fa-chevron-up\"><\/i><\/span>\n\t\t\t\t\t\t\t\t\t\t\t\t\t\t<\/span>\n\t\t\t\t\t\t\t\t\t\t\t\t<a class=\"elementor-accordion-title\" tabindex=\"0\">Quines dades personals estan protegides per llei?<\/a>\n\t\t\t\t\t<\/h3>\n\t\t\t\t\t<div id=\"elementor-tab-content-1212\" class=\"elementor-tab-content elementor-clearfix\" data-tab=\"2\" role=\"region\" aria-labelledby=\"elementor-tab-title-1212\">Qualsevol informaci\u00f3 que permeti identificar directament o indirectament una persona. Per exemple: nom, DNI, correu electr\u00f2nic, tel\u00e8fon, adre\u00e7a, imatge, IP, veu, dades banc\u00e0ries, dades de salut, orientaci\u00f3 sexual, etc.<\/div>\n\t\t\t\t<\/div>\n\t\t\t\t\t\t\t<div class=\"elementor-accordion-item\">\n\t\t\t\t\t<h3 id=\"elementor-tab-title-1213\" class=\"elementor-tab-title\" data-tab=\"3\" role=\"button\" aria-controls=\"elementor-tab-content-1213\" aria-expanded=\"false\">\n\t\t\t\t\t\t\t\t\t\t\t\t\t<span class=\"elementor-accordion-icon elementor-accordion-icon-left\" aria-hidden=\"true\">\n\t\t\t\t\t\t\t\t\t\t\t\t\t\t\t<span class=\"elementor-accordion-icon-closed\"><i class=\"fas fa-chevron-down\"><\/i><\/span>\n\t\t\t\t\t\t\t\t<span class=\"elementor-accordion-icon-opened\"><i class=\"fas fa-chevron-up\"><\/i><\/span>\n\t\t\t\t\t\t\t\t\t\t\t\t\t\t<\/span>\n\t\t\t\t\t\t\t\t\t\t\t\t<a class=\"elementor-accordion-title\" tabindex=\"0\">Qui est\u00e0 obligat a complir amb la llei de protecci\u00f3 de dades?<\/a>\n\t\t\t\t\t<\/h3>\n\t\t\t\t\t<div id=\"elementor-tab-content-1213\" class=\"elementor-tab-content elementor-clearfix\" data-tab=\"3\" role=\"region\" aria-labelledby=\"elementor-tab-title-1213\">Qualsevol empresa, aut\u00f2nom, professional o entitat que recopili, gestioni o tracti dades personals de persones f\u00edsiques, inclosos clients, treballadors o usuaris web. Tamb\u00e9 les associacions, fundacions, administradors de finques i comunitats de propietaris.<\/div>\n\t\t\t\t<\/div>\n\t\t\t\t\t\t\t<div class=\"elementor-accordion-item\">\n\t\t\t\t\t<h3 id=\"elementor-tab-title-1214\" class=\"elementor-tab-title\" data-tab=\"4\" role=\"button\" aria-controls=\"elementor-tab-content-1214\" aria-expanded=\"false\">\n\t\t\t\t\t\t\t\t\t\t\t\t\t<span class=\"elementor-accordion-icon elementor-accordion-icon-left\" aria-hidden=\"true\">\n\t\t\t\t\t\t\t\t\t\t\t\t\t\t\t<span class=\"elementor-accordion-icon-closed\"><i class=\"fas fa-chevron-down\"><\/i><\/span>\n\t\t\t\t\t\t\t\t<span class=\"elementor-accordion-icon-opened\"><i class=\"fas fa-chevron-up\"><\/i><\/span>\n\t\t\t\t\t\t\t\t\t\t\t\t\t\t<\/span>\n\t\t\t\t\t\t\t\t\t\t\t\t<a class=\"elementor-accordion-title\" tabindex=\"0\">Quan \u00e9s obligat\u00f2ria la llei de protecci\u00f3 de dades?<\/a>\n\t\t\t\t\t<\/h3>\n\t\t\t\t\t<div id=\"elementor-tab-content-1214\" class=\"elementor-tab-content elementor-clearfix\" data-tab=\"4\" role=\"region\" aria-labelledby=\"elementor-tab-title-1214\">Si ets un subjecte obligat i est\u00e0s ubicat a la UE, o fora per\u00f2 tractes dades de ciutadans europeus amb relaci\u00f3 a serveis, ofertes o control de comportament, has de complir amb el RGPD i la LOPDGDD des del moment en qu\u00e8 reculls qualsevol dada personal.<\/div>\n\t\t\t\t<\/div>\n\t\t\t\t\t\t\t<div class=\"elementor-accordion-item\">\n\t\t\t\t\t<h3 id=\"elementor-tab-title-1215\" class=\"elementor-tab-title\" data-tab=\"5\" role=\"button\" aria-controls=\"elementor-tab-content-1215\" aria-expanded=\"false\">\n\t\t\t\t\t\t\t\t\t\t\t\t\t<span class=\"elementor-accordion-icon elementor-accordion-icon-left\" aria-hidden=\"true\">\n\t\t\t\t\t\t\t\t\t\t\t\t\t\t\t<span class=\"elementor-accordion-icon-closed\"><i class=\"fas fa-chevron-down\"><\/i><\/span>\n\t\t\t\t\t\t\t\t<span class=\"elementor-accordion-icon-opened\"><i class=\"fas fa-chevron-up\"><\/i><\/span>\n\t\t\t\t\t\t\t\t\t\t\t\t\t\t<\/span>\n\t\t\t\t\t\t\t\t\t\t\t\t<a class=\"elementor-accordion-title\" tabindex=\"0\">Qui est\u00e0 obligat a protegir les dades personals?<\/a>\n\t\t\t\t\t<\/h3>\n\t\t\t\t\t<div id=\"elementor-tab-content-1215\" class=\"elementor-tab-content elementor-clearfix\" data-tab=\"5\" role=\"region\" aria-labelledby=\"elementor-tab-title-1215\">El responsable del tractament (qui decideix com i per a qu\u00e8 s\u2019utilitzen les dades) i l\u2019encarregat del tractament (qui les gestiona per compte del responsable), segons la normativa.<\/div>\n\t\t\t\t<\/div>\n\t\t\t\t\t\t\t<div class=\"elementor-accordion-item\">\n\t\t\t\t\t<h3 id=\"elementor-tab-title-1216\" class=\"elementor-tab-title\" data-tab=\"6\" role=\"button\" aria-controls=\"elementor-tab-content-1216\" aria-expanded=\"false\">\n\t\t\t\t\t\t\t\t\t\t\t\t\t<span class=\"elementor-accordion-icon elementor-accordion-icon-left\" aria-hidden=\"true\">\n\t\t\t\t\t\t\t\t\t\t\t\t\t\t\t<span class=\"elementor-accordion-icon-closed\"><i class=\"fas fa-chevron-down\"><\/i><\/span>\n\t\t\t\t\t\t\t\t<span class=\"elementor-accordion-icon-opened\"><i class=\"fas fa-chevron-up\"><\/i><\/span>\n\t\t\t\t\t\t\t\t\t\t\t\t\t\t<\/span>\n\t\t\t\t\t\t\t\t\t\t\t\t<a class=\"elementor-accordion-title\" tabindex=\"0\">Quins drets s\u00f3n obligatoris per complir amb la protecci\u00f3 de dades?<\/a>\n\t\t\t\t\t<\/h3>\n\t\t\t\t\t<div id=\"elementor-tab-content-1216\" class=\"elementor-tab-content elementor-clearfix\" data-tab=\"6\" role=\"region\" aria-labelledby=\"elementor-tab-title-1216\">Dret d\u2019informaci\u00f3, acc\u00e9s, rectificaci\u00f3, supressi\u00f3, oposici\u00f3, limitaci\u00f3 del tractament, portabilitat i a no ser objecte de decisions automatitzades.<\/div>\n\t\t\t\t<\/div>\n\t\t\t\t\t\t\t<div class=\"elementor-accordion-item\">\n\t\t\t\t\t<h3 id=\"elementor-tab-title-1217\" class=\"elementor-tab-title\" data-tab=\"7\" role=\"button\" aria-controls=\"elementor-tab-content-1217\" aria-expanded=\"false\">\n\t\t\t\t\t\t\t\t\t\t\t\t\t<span class=\"elementor-accordion-icon elementor-accordion-icon-left\" aria-hidden=\"true\">\n\t\t\t\t\t\t\t\t\t\t\t\t\t\t\t<span class=\"elementor-accordion-icon-closed\"><i class=\"fas fa-chevron-down\"><\/i><\/span>\n\t\t\t\t\t\t\t\t<span class=\"elementor-accordion-icon-opened\"><i class=\"fas fa-chevron-up\"><\/i><\/span>\n\t\t\t\t\t\t\t\t\t\t\t\t\t\t<\/span>\n\t\t\t\t\t\t\t\t\t\t\t\t<a class=\"elementor-accordion-title\" tabindex=\"0\">Qu\u00e8 estableix la llei de protecci\u00f3 de dades?<\/a>\n\t\t\t\t\t<\/h3>\n\t\t\t\t\t<div id=\"elementor-tab-content-1217\" class=\"elementor-tab-content elementor-clearfix\" data-tab=\"7\" role=\"region\" aria-labelledby=\"elementor-tab-title-1217\">Estableix com s\u2019han de recollir, tractar, emmagatzemar i eliminar les dades personals, garantint transpar\u00e8ncia, seguretat, confidencialitat i respecte pels drets de l\u2019usuari.<\/div>\n\t\t\t\t<\/div>\n\t\t\t\t\t\t\t<div class=\"elementor-accordion-item\">\n\t\t\t\t\t<h3 id=\"elementor-tab-title-1218\" class=\"elementor-tab-title\" data-tab=\"8\" role=\"button\" aria-controls=\"elementor-tab-content-1218\" aria-expanded=\"false\">\n\t\t\t\t\t\t\t\t\t\t\t\t\t<span class=\"elementor-accordion-icon elementor-accordion-icon-left\" aria-hidden=\"true\">\n\t\t\t\t\t\t\t\t\t\t\t\t\t\t\t<span class=\"elementor-accordion-icon-closed\"><i class=\"fas fa-chevron-down\"><\/i><\/span>\n\t\t\t\t\t\t\t\t<span class=\"elementor-accordion-icon-opened\"><i class=\"fas fa-chevron-up\"><\/i><\/span>\n\t\t\t\t\t\t\t\t\t\t\t\t\t\t<\/span>\n\t\t\t\t\t\t\t\t\t\t\t\t<a class=\"elementor-accordion-title\" tabindex=\"0\">Quan es vulnera la llei de protecci\u00f3 de dades?<\/a>\n\t\t\t\t\t<\/h3>\n\t\t\t\t\t<div id=\"elementor-tab-content-1218\" class=\"elementor-tab-content elementor-clearfix\" data-tab=\"8\" role=\"region\" aria-labelledby=\"elementor-tab-title-1218\">Quan no es compleixen les obligacions legals, no s\u2019informa adequadament, no s\u2019obt\u00e9 consentiment, es comparteixen dades sense autoritzaci\u00f3 o no s\u2019apliquen mesures de seguretat suficients.<\/div>\n\t\t\t\t<\/div>\n\t\t\t\t\t\t\t<div class=\"elementor-accordion-item\">\n\t\t\t\t\t<h3 id=\"elementor-tab-title-1219\" class=\"elementor-tab-title\" data-tab=\"9\" role=\"button\" aria-controls=\"elementor-tab-content-1219\" aria-expanded=\"false\">\n\t\t\t\t\t\t\t\t\t\t\t\t\t<span class=\"elementor-accordion-icon elementor-accordion-icon-left\" aria-hidden=\"true\">\n\t\t\t\t\t\t\t\t\t\t\t\t\t\t\t<span class=\"elementor-accordion-icon-closed\"><i class=\"fas fa-chevron-down\"><\/i><\/span>\n\t\t\t\t\t\t\t\t<span class=\"elementor-accordion-icon-opened\"><i class=\"fas fa-chevron-up\"><\/i><\/span>\n\t\t\t\t\t\t\t\t\t\t\t\t\t\t<\/span>\n\t\t\t\t\t\t\t\t\t\t\t\t<a class=\"elementor-accordion-title\" tabindex=\"0\">Qui necessita una pol\u00edtica de protecci\u00f3 de dades?<\/a>\n\t\t\t\t\t<\/h3>\n\t\t\t\t\t<div id=\"elementor-tab-content-1219\" class=\"elementor-tab-content elementor-clearfix\" data-tab=\"9\" role=\"region\" aria-labelledby=\"elementor-tab-title-1219\">Tota organitzaci\u00f3 que tracti dades personals. Aquesta pol\u00edtica ha d\u2019explicar com es recullen, tracten i protegeixen les dades.<\/div>\n\t\t\t\t<\/div>\n\t\t\t\t\t\t\t<div class=\"elementor-accordion-item\">\n\t\t\t\t\t<h3 id=\"elementor-tab-title-12110\" class=\"elementor-tab-title\" data-tab=\"10\" role=\"button\" aria-controls=\"elementor-tab-content-12110\" aria-expanded=\"false\">\n\t\t\t\t\t\t\t\t\t\t\t\t\t<span class=\"elementor-accordion-icon elementor-accordion-icon-left\" aria-hidden=\"true\">\n\t\t\t\t\t\t\t\t\t\t\t\t\t\t\t<span class=\"elementor-accordion-icon-closed\"><i class=\"fas fa-chevron-down\"><\/i><\/span>\n\t\t\t\t\t\t\t\t<span class=\"elementor-accordion-icon-opened\"><i class=\"fas fa-chevron-up\"><\/i><\/span>\n\t\t\t\t\t\t\t\t\t\t\t\t\t\t<\/span>\n\t\t\t\t\t\t\t\t\t\t\t\t<a class=\"elementor-accordion-title\" tabindex=\"0\">Quines sancions hi ha per incompliment?<\/a>\n\t\t\t\t\t<\/h3>\n\t\t\t\t\t<div id=\"elementor-tab-content-12110\" class=\"elementor-tab-content elementor-clearfix\" data-tab=\"10\" role=\"region\" aria-labelledby=\"elementor-tab-title-12110\">Des d\u2019advertiments fins a multes que poden anar des dels 300 \u20ac fins als 20 milions d\u2019euros o el 4% de la facturaci\u00f3 anual, segons la gravetat.<\/div>\n\t\t\t\t<\/div>\n\t\t\t\t\t\t\t\t\t\t<script type=\"application\/ld+json\">{\"@context\":\"https:\\\/\\\/schema.org\",\"@type\":\"FAQPage\",\"mainEntity\":[{\"@type\":\"Question\",\"name\":\"Qu\\u00e8 \\u00e9s la protecci\\u00f3 de dades i per a qu\\u00e8 serveix?\",\"acceptedAnswer\":{\"@type\":\"Answer\",\"text\":\"\\u00c9s el conjunt de normatives que regulen com s\\u2019han de tractar les dades personals per garantir la privacitat de les persones. Serveix per evitar-ne un \\u00fas indegut o no autoritzat.\"}},{\"@type\":\"Question\",\"name\":\"Quines dades personals estan protegides per llei?\",\"acceptedAnswer\":{\"@type\":\"Answer\",\"text\":\"Qualsevol informaci\\u00f3 que permeti identificar directament o indirectament una persona. Per exemple: nom, DNI, correu electr\\u00f2nic, tel\\u00e8fon, adre\\u00e7a, imatge, IP, veu, dades banc\\u00e0ries, dades de salut, orientaci\\u00f3 sexual, etc.\"}},{\"@type\":\"Question\",\"name\":\"Qui est\\u00e0 obligat a complir amb la llei de protecci\\u00f3 de dades?\",\"acceptedAnswer\":{\"@type\":\"Answer\",\"text\":\"Qualsevol empresa, aut\\u00f2nom, professional o entitat que recopili, gestioni o tracti dades personals de persones f\\u00edsiques, inclosos clients, treballadors o usuaris web. Tamb\\u00e9 les associacions, fundacions, administradors de finques i comunitats de propietaris.\"}},{\"@type\":\"Question\",\"name\":\"Quan \\u00e9s obligat\\u00f2ria la llei de protecci\\u00f3 de dades?\",\"acceptedAnswer\":{\"@type\":\"Answer\",\"text\":\"Si ets un subjecte obligat i est\\u00e0s ubicat a la UE, o fora per\\u00f2 tractes dades de ciutadans europeus amb relaci\\u00f3 a serveis, ofertes o control de comportament, has de complir amb el RGPD i la LOPDGDD des del moment en qu\\u00e8 reculls qualsevol dada personal.\"}},{\"@type\":\"Question\",\"name\":\"Qui est\\u00e0 obligat a protegir les dades personals?\",\"acceptedAnswer\":{\"@type\":\"Answer\",\"text\":\"El responsable del tractament (qui decideix com i per a qu\\u00e8 s\\u2019utilitzen les dades) i l\\u2019encarregat del tractament (qui les gestiona per compte del responsable), segons la normativa.\"}},{\"@type\":\"Question\",\"name\":\"Quins drets s\\u00f3n obligatoris per complir amb la protecci\\u00f3 de dades?\",\"acceptedAnswer\":{\"@type\":\"Answer\",\"text\":\"Dret d\\u2019informaci\\u00f3, acc\\u00e9s, rectificaci\\u00f3, supressi\\u00f3, oposici\\u00f3, limitaci\\u00f3 del tractament, portabilitat i a no ser objecte de decisions automatitzades.\"}},{\"@type\":\"Question\",\"name\":\"Qu\\u00e8 estableix la llei de protecci\\u00f3 de dades?\",\"acceptedAnswer\":{\"@type\":\"Answer\",\"text\":\"Estableix com s\\u2019han de recollir, tractar, emmagatzemar i eliminar les dades personals, garantint transpar\\u00e8ncia, seguretat, confidencialitat i respecte pels drets de l\\u2019usuari.\"}},{\"@type\":\"Question\",\"name\":\"Quan es vulnera la llei de protecci\\u00f3 de dades?\",\"acceptedAnswer\":{\"@type\":\"Answer\",\"text\":\"Quan no es compleixen les obligacions legals, no s\\u2019informa adequadament, no s\\u2019obt\\u00e9 consentiment, es comparteixen dades sense autoritzaci\\u00f3 o no s\\u2019apliquen mesures de seguretat suficients.\"}},{\"@type\":\"Question\",\"name\":\"Qui necessita una pol\\u00edtica de protecci\\u00f3 de dades?\",\"acceptedAnswer\":{\"@type\":\"Answer\",\"text\":\"Tota organitzaci\\u00f3 que tracti dades personals. Aquesta pol\\u00edtica ha d\\u2019explicar com es recullen, tracten i protegeixen les dades.\"}},{\"@type\":\"Question\",\"name\":\"Quines sancions hi ha per incompliment?\",\"acceptedAnswer\":{\"@type\":\"Answer\",\"text\":\"Des d\\u2019advertiments fins a multes que poden anar des dels 300 \\u20ac fins als 20 milions d\\u2019euros o el 4% de la facturaci\\u00f3 anual, segons la gravetat.\"}}]}<\/script>\n\t\t\t\t\t<\/div>\n\t\t\t\t\t\t<\/div>\n\t\t\t\t<\/div>\n\t\t\t\t\t<\/div>\n\t\t<\/div>\n\t\t\t\t\t<\/div>\n\t\t<\/section>\n\t\t\t\t<section class=\"elementor-section elementor-top-section elementor-element elementor-element-8e69e0a elementor-section-boxed elementor-section-height-default elementor-section-height-default elementor-invisible\" data-id=\"8e69e0a\" data-element_type=\"section\" data-e-type=\"section\" data-settings=\"{&quot;animation&quot;:&quot;fadeIn&quot;,&quot;background_background&quot;:&quot;classic&quot;}\">\n\t\t\t\t\t\t<div class=\"elementor-container elementor-column-gap-default\">\n\t\t\t\t\t<div class=\"elementor-column elementor-col-100 elementor-top-column elementor-element elementor-element-5da611d\" data-id=\"5da611d\" data-element_type=\"column\" data-e-type=\"column\">\n\t\t\t<div class=\"elementor-widget-wrap elementor-element-populated\">\n\t\t\t\t\t\t<div class=\"elementor-element elementor-element-b524597 elementor-widget elementor-widget-heading\" data-id=\"b524597\" data-element_type=\"widget\" data-e-type=\"widget\" data-widget_type=\"heading.default\">\n\t\t\t\t<div class=\"elementor-widget-container\">\n\t\t\t\t\t<h2 class=\"elementor-heading-title elementor-size-default\">NORMATIVA DIGITAL: RGPD, LOPDGDD I LSSICE\n<\/h2>\t\t\t\t<\/div>\n\t\t\t\t<\/div>\n\t\t\t\t<div class=\"elementor-element elementor-element-0baf340 elementor-widget elementor-widget-accordion\" data-id=\"0baf340\" data-element_type=\"widget\" data-e-type=\"widget\" data-widget_type=\"accordion.default\">\n\t\t\t\t<div class=\"elementor-widget-container\">\n\t\t\t\t\t\t\t<div class=\"elementor-accordion\">\n\t\t\t\t\t\t\t<div class=\"elementor-accordion-item\">\n\t\t\t\t\t<h3 id=\"elementor-tab-title-1221\" class=\"elementor-tab-title\" data-tab=\"1\" role=\"button\" aria-controls=\"elementor-tab-content-1221\" aria-expanded=\"false\">\n\t\t\t\t\t\t\t\t\t\t\t\t\t<span class=\"elementor-accordion-icon elementor-accordion-icon-left\" aria-hidden=\"true\">\n\t\t\t\t\t\t\t\t\t\t\t\t\t\t\t<span class=\"elementor-accordion-icon-closed\"><i class=\"fas fa-chevron-down\"><\/i><\/span>\n\t\t\t\t\t\t\t\t<span class=\"elementor-accordion-icon-opened\"><i class=\"fas fa-chevron-up\"><\/i><\/span>\n\t\t\t\t\t\t\t\t\t\t\t\t\t\t<\/span>\n\t\t\t\t\t\t\t\t\t\t\t\t<a class=\"elementor-accordion-title\" tabindex=\"0\">Qu\u00e8 \u00e9s el Reglament General de Protecci\u00f3 de Dades (RGPD) i a qui afecta?<\/a>\n\t\t\t\t\t<\/h3>\n\t\t\t\t\t<div id=\"elementor-tab-content-1221\" class=\"elementor-tab-content elementor-clearfix\" data-tab=\"1\" role=\"region\" aria-labelledby=\"elementor-tab-title-1221\">El RGPD, vigent des del 25 de maig del 2018, regula el tractament de dades personals de residents a la UE i afecta empreses dins i fora de la UE que ofereixen serveis a ciutadans europeus.<\/div>\n\t\t\t\t<\/div>\n\t\t\t\t\t\t\t<div class=\"elementor-accordion-item\">\n\t\t\t\t\t<h3 id=\"elementor-tab-title-1222\" class=\"elementor-tab-title\" data-tab=\"2\" role=\"button\" aria-controls=\"elementor-tab-content-1222\" aria-expanded=\"false\">\n\t\t\t\t\t\t\t\t\t\t\t\t\t<span class=\"elementor-accordion-icon elementor-accordion-icon-left\" aria-hidden=\"true\">\n\t\t\t\t\t\t\t\t\t\t\t\t\t\t\t<span class=\"elementor-accordion-icon-closed\"><i class=\"fas fa-chevron-down\"><\/i><\/span>\n\t\t\t\t\t\t\t\t<span class=\"elementor-accordion-icon-opened\"><i class=\"fas fa-chevron-up\"><\/i><\/span>\n\t\t\t\t\t\t\t\t\t\t\t\t\t\t<\/span>\n\t\t\t\t\t\t\t\t\t\t\t\t<a class=\"elementor-accordion-title\" tabindex=\"0\">Quan \u00e9s obligatori complir amb el RGPD i la LOPDGDD?<\/a>\n\t\t\t\t\t<\/h3>\n\t\t\t\t\t<div id=\"elementor-tab-content-1222\" class=\"elementor-tab-content elementor-clearfix\" data-tab=\"2\" role=\"region\" aria-labelledby=\"elementor-tab-title-1222\">Sempre que una persona f\u00edsica o jur\u00eddica (aut\u00f2nom, empresa, entitat, associaci\u00f3, comunitat&#8230;) tracti dades personals de tercers en la seva activitat.<\/div>\n\t\t\t\t<\/div>\n\t\t\t\t\t\t\t<div class=\"elementor-accordion-item\">\n\t\t\t\t\t<h3 id=\"elementor-tab-title-1223\" class=\"elementor-tab-title\" data-tab=\"3\" role=\"button\" aria-controls=\"elementor-tab-content-1223\" aria-expanded=\"false\">\n\t\t\t\t\t\t\t\t\t\t\t\t\t<span class=\"elementor-accordion-icon elementor-accordion-icon-left\" aria-hidden=\"true\">\n\t\t\t\t\t\t\t\t\t\t\t\t\t\t\t<span class=\"elementor-accordion-icon-closed\"><i class=\"fas fa-chevron-down\"><\/i><\/span>\n\t\t\t\t\t\t\t\t<span class=\"elementor-accordion-icon-opened\"><i class=\"fas fa-chevron-up\"><\/i><\/span>\n\t\t\t\t\t\t\t\t\t\t\t\t\t\t<\/span>\n\t\t\t\t\t\t\t\t\t\t\t\t<a class=\"elementor-accordion-title\" tabindex=\"0\">Qui est\u00e0 obligat a complir amb el RGPD?<\/a>\n\t\t\t\t\t<\/h3>\n\t\t\t\t\t<div id=\"elementor-tab-content-1223\" class=\"elementor-tab-content elementor-clearfix\" data-tab=\"3\" role=\"region\" aria-labelledby=\"elementor-tab-title-1223\">Totes les organitzacions p\u00fabliques o privades que tractin dades dins la UE o ofereixin serveis a ciutadans europeus.<\/div>\n\t\t\t\t<\/div>\n\t\t\t\t\t\t\t<div class=\"elementor-accordion-item\">\n\t\t\t\t\t<h3 id=\"elementor-tab-title-1224\" class=\"elementor-tab-title\" data-tab=\"4\" role=\"button\" aria-controls=\"elementor-tab-content-1224\" aria-expanded=\"false\">\n\t\t\t\t\t\t\t\t\t\t\t\t\t<span class=\"elementor-accordion-icon elementor-accordion-icon-left\" aria-hidden=\"true\">\n\t\t\t\t\t\t\t\t\t\t\t\t\t\t\t<span class=\"elementor-accordion-icon-closed\"><i class=\"fas fa-chevron-down\"><\/i><\/span>\n\t\t\t\t\t\t\t\t<span class=\"elementor-accordion-icon-opened\"><i class=\"fas fa-chevron-up\"><\/i><\/span>\n\t\t\t\t\t\t\t\t\t\t\t\t\t\t<\/span>\n\t\t\t\t\t\t\t\t\t\t\t\t<a class=\"elementor-accordion-title\" tabindex=\"0\">\u00c9s obligatori complir encara que sigui una petita empresa o un aut\u00f2nom?<\/a>\n\t\t\t\t\t<\/h3>\n\t\t\t\t\t<div id=\"elementor-tab-content-1224\" class=\"elementor-tab-content elementor-clearfix\" data-tab=\"4\" role=\"region\" aria-labelledby=\"elementor-tab-title-1224\">S\u00ed. El RGPD no distingeix segons la mida. Nom\u00e9s cal tractar dades personals per estar obligat a complir-lo.<\/div>\n\t\t\t\t<\/div>\n\t\t\t\t\t\t\t<div class=\"elementor-accordion-item\">\n\t\t\t\t\t<h3 id=\"elementor-tab-title-1225\" class=\"elementor-tab-title\" data-tab=\"5\" role=\"button\" aria-controls=\"elementor-tab-content-1225\" aria-expanded=\"false\">\n\t\t\t\t\t\t\t\t\t\t\t\t\t<span class=\"elementor-accordion-icon elementor-accordion-icon-left\" aria-hidden=\"true\">\n\t\t\t\t\t\t\t\t\t\t\t\t\t\t\t<span class=\"elementor-accordion-icon-closed\"><i class=\"fas fa-chevron-down\"><\/i><\/span>\n\t\t\t\t\t\t\t\t<span class=\"elementor-accordion-icon-opened\"><i class=\"fas fa-chevron-up\"><\/i><\/span>\n\t\t\t\t\t\t\t\t\t\t\t\t\t\t<\/span>\n\t\t\t\t\t\t\t\t\t\t\t\t<a class=\"elementor-accordion-title\" tabindex=\"0\">Quins s\u00f3n els principis b\u00e0sics del RGPD?<\/a>\n\t\t\t\t\t<\/h3>\n\t\t\t\t\t<div id=\"elementor-tab-content-1225\" class=\"elementor-tab-content elementor-clearfix\" data-tab=\"5\" role=\"region\" aria-labelledby=\"elementor-tab-title-1225\">Legalitat, transpar\u00e8ncia, minimitzaci\u00f3, exactitud, seguretat i responsabilitat proactiva.<\/div>\n\t\t\t\t<\/div>\n\t\t\t\t\t\t\t<div class=\"elementor-accordion-item\">\n\t\t\t\t\t<h3 id=\"elementor-tab-title-1226\" class=\"elementor-tab-title\" data-tab=\"6\" role=\"button\" aria-controls=\"elementor-tab-content-1226\" aria-expanded=\"false\">\n\t\t\t\t\t\t\t\t\t\t\t\t\t<span class=\"elementor-accordion-icon elementor-accordion-icon-left\" aria-hidden=\"true\">\n\t\t\t\t\t\t\t\t\t\t\t\t\t\t\t<span class=\"elementor-accordion-icon-closed\"><i class=\"fas fa-chevron-down\"><\/i><\/span>\n\t\t\t\t\t\t\t\t<span class=\"elementor-accordion-icon-opened\"><i class=\"fas fa-chevron-up\"><\/i><\/span>\n\t\t\t\t\t\t\t\t\t\t\t\t\t\t<\/span>\n\t\t\t\t\t\t\t\t\t\t\t\t<a class=\"elementor-accordion-title\" tabindex=\"0\">Necessito consentiment per recollir les dades dels meus clients?<\/a>\n\t\t\t\t\t<\/h3>\n\t\t\t\t\t<div id=\"elementor-tab-content-1226\" class=\"elementor-tab-content elementor-clearfix\" data-tab=\"6\" role=\"region\" aria-labelledby=\"elementor-tab-title-1226\">S\u00ed, i ha de ser clar, informat i documentat. Tot i aix\u00ed, hi ha altres bases legals com l\u2019obligaci\u00f3 legal, el contracte o l\u2019inter\u00e8s leg\u00edtim.<\/div>\n\t\t\t\t<\/div>\n\t\t\t\t\t\t\t<div class=\"elementor-accordion-item\">\n\t\t\t\t\t<h3 id=\"elementor-tab-title-1227\" class=\"elementor-tab-title\" data-tab=\"7\" role=\"button\" aria-controls=\"elementor-tab-content-1227\" aria-expanded=\"false\">\n\t\t\t\t\t\t\t\t\t\t\t\t\t<span class=\"elementor-accordion-icon elementor-accordion-icon-left\" aria-hidden=\"true\">\n\t\t\t\t\t\t\t\t\t\t\t\t\t\t\t<span class=\"elementor-accordion-icon-closed\"><i class=\"fas fa-chevron-down\"><\/i><\/span>\n\t\t\t\t\t\t\t\t<span class=\"elementor-accordion-icon-opened\"><i class=\"fas fa-chevron-up\"><\/i><\/span>\n\t\t\t\t\t\t\t\t\t\t\t\t\t\t<\/span>\n\t\t\t\t\t\t\t\t\t\t\t\t<a class=\"elementor-accordion-title\" tabindex=\"0\">Qu\u00e8 passa si hi ha una filtraci\u00f3 de dades a la meva empresa?<\/a>\n\t\t\t\t\t<\/h3>\n\t\t\t\t\t<div id=\"elementor-tab-content-1227\" class=\"elementor-tab-content elementor-clearfix\" data-tab=\"7\" role=\"region\" aria-labelledby=\"elementor-tab-title-1227\">S\u2019ha de notificar a l\u2019AEPD en un m\u00e0xim de 72 hores si hi ha risc per als drets i llibertats dels afectats. Si el risc \u00e9s alt, tamb\u00e9 als propis afectats.<\/div>\n\t\t\t\t<\/div>\n\t\t\t\t\t\t\t<div class=\"elementor-accordion-item\">\n\t\t\t\t\t<h3 id=\"elementor-tab-title-1228\" class=\"elementor-tab-title\" data-tab=\"8\" role=\"button\" aria-controls=\"elementor-tab-content-1228\" aria-expanded=\"false\">\n\t\t\t\t\t\t\t\t\t\t\t\t\t<span class=\"elementor-accordion-icon elementor-accordion-icon-left\" aria-hidden=\"true\">\n\t\t\t\t\t\t\t\t\t\t\t\t\t\t\t<span class=\"elementor-accordion-icon-closed\"><i class=\"fas fa-chevron-down\"><\/i><\/span>\n\t\t\t\t\t\t\t\t<span class=\"elementor-accordion-icon-opened\"><i class=\"fas fa-chevron-up\"><\/i><\/span>\n\t\t\t\t\t\t\t\t\t\t\t\t\t\t<\/span>\n\t\t\t\t\t\t\t\t\t\t\t\t<a class=\"elementor-accordion-title\" tabindex=\"0\">Quina difer\u00e8ncia hi ha entre responsable i encarregat del tractament?<\/a>\n\t\t\t\t\t<\/h3>\n\t\t\t\t\t<div id=\"elementor-tab-content-1228\" class=\"elementor-tab-content elementor-clearfix\" data-tab=\"8\" role=\"region\" aria-labelledby=\"elementor-tab-title-1228\">El responsable decideix qu\u00e8 es recull i com. L\u2019encarregat nom\u00e9s tracta les dades per enc\u00e0rrec. Cal un contracte entre ambd\u00f3s.<\/div>\n\t\t\t\t<\/div>\n\t\t\t\t\t\t\t<div class=\"elementor-accordion-item\">\n\t\t\t\t\t<h3 id=\"elementor-tab-title-1229\" class=\"elementor-tab-title\" data-tab=\"9\" role=\"button\" aria-controls=\"elementor-tab-content-1229\" aria-expanded=\"false\">\n\t\t\t\t\t\t\t\t\t\t\t\t\t<span class=\"elementor-accordion-icon elementor-accordion-icon-left\" aria-hidden=\"true\">\n\t\t\t\t\t\t\t\t\t\t\t\t\t\t\t<span class=\"elementor-accordion-icon-closed\"><i class=\"fas fa-chevron-down\"><\/i><\/span>\n\t\t\t\t\t\t\t\t<span class=\"elementor-accordion-icon-opened\"><i class=\"fas fa-chevron-up\"><\/i><\/span>\n\t\t\t\t\t\t\t\t\t\t\t\t\t\t<\/span>\n\t\t\t\t\t\t\t\t\t\t\t\t<a class=\"elementor-accordion-title\" tabindex=\"0\">Qu\u00e8 \u00e9s un contracte d\u2019encarregat de tractament?<\/a>\n\t\t\t\t\t<\/h3>\n\t\t\t\t\t<div id=\"elementor-tab-content-1229\" class=\"elementor-tab-content elementor-clearfix\" data-tab=\"9\" role=\"region\" aria-labelledby=\"elementor-tab-title-1229\">\u00c9s obligatori quan un tercer (assessoria, ag\u00e8ncia de m\u00e0rqueting, inform\u00e0tic&#8230;) accedeix a dades que tu gestiones.<\/div>\n\t\t\t\t<\/div>\n\t\t\t\t\t\t\t<div class=\"elementor-accordion-item\">\n\t\t\t\t\t<h3 id=\"elementor-tab-title-12210\" class=\"elementor-tab-title\" data-tab=\"10\" role=\"button\" aria-controls=\"elementor-tab-content-12210\" aria-expanded=\"false\">\n\t\t\t\t\t\t\t\t\t\t\t\t\t<span class=\"elementor-accordion-icon elementor-accordion-icon-left\" aria-hidden=\"true\">\n\t\t\t\t\t\t\t\t\t\t\t\t\t\t\t<span class=\"elementor-accordion-icon-closed\"><i class=\"fas fa-chevron-down\"><\/i><\/span>\n\t\t\t\t\t\t\t\t<span class=\"elementor-accordion-icon-opened\"><i class=\"fas fa-chevron-up\"><\/i><\/span>\n\t\t\t\t\t\t\t\t\t\t\t\t\t\t<\/span>\n\t\t\t\t\t\t\t\t\t\t\t\t<a class=\"elementor-accordion-title\" tabindex=\"0\">Puc compartir fotos o v\u00eddeos d\u2019empleats o clients?<\/a>\n\t\t\t\t\t<\/h3>\n\t\t\t\t\t<div id=\"elementor-tab-content-12210\" class=\"elementor-tab-content elementor-clearfix\" data-tab=\"10\" role=\"region\" aria-labelledby=\"elementor-tab-title-12210\">S\u00ed, per\u00f2 nom\u00e9s amb el seu consentiment informat.<\/div>\n\t\t\t\t<\/div>\n\t\t\t\t\t\t\t<div class=\"elementor-accordion-item\">\n\t\t\t\t\t<h3 id=\"elementor-tab-title-12211\" class=\"elementor-tab-title\" data-tab=\"11\" role=\"button\" aria-controls=\"elementor-tab-content-12211\" aria-expanded=\"false\">\n\t\t\t\t\t\t\t\t\t\t\t\t\t<span class=\"elementor-accordion-icon elementor-accordion-icon-left\" aria-hidden=\"true\">\n\t\t\t\t\t\t\t\t\t\t\t\t\t\t\t<span class=\"elementor-accordion-icon-closed\"><i class=\"fas fa-chevron-down\"><\/i><\/span>\n\t\t\t\t\t\t\t\t<span class=\"elementor-accordion-icon-opened\"><i class=\"fas fa-chevron-up\"><\/i><\/span>\n\t\t\t\t\t\t\t\t\t\t\t\t\t\t<\/span>\n\t\t\t\t\t\t\t\t\t\t\t\t<a class=\"elementor-accordion-title\" tabindex=\"0\">Es poden enviar dades a pa\u00efsos fora de la Uni\u00f3 Europea?<\/a>\n\t\t\t\t\t<\/h3>\n\t\t\t\t\t<div id=\"elementor-tab-content-12211\" class=\"elementor-tab-content elementor-clearfix\" data-tab=\"11\" role=\"region\" aria-labelledby=\"elementor-tab-title-12211\">S\u00ed, per\u00f2 calen garanties adequades segons el RGPD (decisi\u00f3 d\u2019adequaci\u00f3, cl\u00e0usules tipus, normes corporatives vinculants&#8230;).<\/div>\n\t\t\t\t<\/div>\n\t\t\t\t\t\t\t<div class=\"elementor-accordion-item\">\n\t\t\t\t\t<h3 id=\"elementor-tab-title-12212\" class=\"elementor-tab-title\" data-tab=\"12\" role=\"button\" aria-controls=\"elementor-tab-content-12212\" aria-expanded=\"false\">\n\t\t\t\t\t\t\t\t\t\t\t\t\t<span class=\"elementor-accordion-icon elementor-accordion-icon-left\" aria-hidden=\"true\">\n\t\t\t\t\t\t\t\t\t\t\t\t\t\t\t<span class=\"elementor-accordion-icon-closed\"><i class=\"fas fa-chevron-down\"><\/i><\/span>\n\t\t\t\t\t\t\t\t<span class=\"elementor-accordion-icon-opened\"><i class=\"fas fa-chevron-up\"><\/i><\/span>\n\t\t\t\t\t\t\t\t\t\t\t\t\t\t<\/span>\n\t\t\t\t\t\t\t\t\t\t\t\t<a class=\"elementor-accordion-title\" tabindex=\"0\">\u00c9s obligatori tenir un registre intern d\u2019activitats de tractament?<\/a>\n\t\t\t\t\t<\/h3>\n\t\t\t\t\t<div id=\"elementor-tab-content-12212\" class=\"elementor-tab-content elementor-clearfix\" data-tab=\"12\" role=\"region\" aria-labelledby=\"elementor-tab-title-12212\">S\u00ed, excepte empreses amb menys de 250 empleats que no tractin dades sensibles ni de forma habitual ni amb risc elevat.<\/div>\n\t\t\t\t<\/div>\n\t\t\t\t\t\t\t<div class=\"elementor-accordion-item\">\n\t\t\t\t\t<h3 id=\"elementor-tab-title-12213\" class=\"elementor-tab-title\" data-tab=\"13\" role=\"button\" aria-controls=\"elementor-tab-content-12213\" aria-expanded=\"false\">\n\t\t\t\t\t\t\t\t\t\t\t\t\t<span class=\"elementor-accordion-icon elementor-accordion-icon-left\" aria-hidden=\"true\">\n\t\t\t\t\t\t\t\t\t\t\t\t\t\t\t<span class=\"elementor-accordion-icon-closed\"><i class=\"fas fa-chevron-down\"><\/i><\/span>\n\t\t\t\t\t\t\t\t<span class=\"elementor-accordion-icon-opened\"><i class=\"fas fa-chevron-up\"><\/i><\/span>\n\t\t\t\t\t\t\t\t\t\t\t\t\t\t<\/span>\n\t\t\t\t\t\t\t\t\t\t\t\t<a class=\"elementor-accordion-title\" tabindex=\"0\">La LSSICE m\u2019afecta si tinc una web?<\/a>\n\t\t\t\t\t<\/h3>\n\t\t\t\t\t<div id=\"elementor-tab-content-12213\" class=\"elementor-tab-content elementor-clearfix\" data-tab=\"13\" role=\"region\" aria-labelledby=\"elementor-tab-title-12213\">S\u00ed. Si ofereixes serveis o productes online, has de complir aquesta llei: cookies, informaci\u00f3 legal, comunicacions comercials&#8230;<\/div>\n\t\t\t\t<\/div>\n\t\t\t\t\t\t\t<div class=\"elementor-accordion-item\">\n\t\t\t\t\t<h3 id=\"elementor-tab-title-12214\" class=\"elementor-tab-title\" data-tab=\"14\" role=\"button\" aria-controls=\"elementor-tab-content-12214\" aria-expanded=\"false\">\n\t\t\t\t\t\t\t\t\t\t\t\t\t<span class=\"elementor-accordion-icon elementor-accordion-icon-left\" aria-hidden=\"true\">\n\t\t\t\t\t\t\t\t\t\t\t\t\t\t\t<span class=\"elementor-accordion-icon-closed\"><i class=\"fas fa-chevron-down\"><\/i><\/span>\n\t\t\t\t\t\t\t\t<span class=\"elementor-accordion-icon-opened\"><i class=\"fas fa-chevron-up\"><\/i><\/span>\n\t\t\t\t\t\t\t\t\t\t\t\t\t\t<\/span>\n\t\t\t\t\t\t\t\t\t\t\t\t<a class=\"elementor-accordion-title\" tabindex=\"0\">Quina normativa ha de complir el meu web o ecommerce?<\/a>\n\t\t\t\t\t<\/h3>\n\t\t\t\t\t<div id=\"elementor-tab-content-12214\" class=\"elementor-tab-content elementor-clearfix\" data-tab=\"14\" role=\"region\" aria-labelledby=\"elementor-tab-title-12214\">El RGPD, la LOPDGDD i la LSSICE, m\u00e9s la normativa sectorial de consumidors i usuaris.<\/div>\n\t\t\t\t<\/div>\n\t\t\t\t\t\t\t<div class=\"elementor-accordion-item\">\n\t\t\t\t\t<h3 id=\"elementor-tab-title-12215\" class=\"elementor-tab-title\" data-tab=\"15\" role=\"button\" aria-controls=\"elementor-tab-content-12215\" aria-expanded=\"false\">\n\t\t\t\t\t\t\t\t\t\t\t\t\t<span class=\"elementor-accordion-icon elementor-accordion-icon-left\" aria-hidden=\"true\">\n\t\t\t\t\t\t\t\t\t\t\t\t\t\t\t<span class=\"elementor-accordion-icon-closed\"><i class=\"fas fa-chevron-down\"><\/i><\/span>\n\t\t\t\t\t\t\t\t<span class=\"elementor-accordion-icon-opened\"><i class=\"fas fa-chevron-up\"><\/i><\/span>\n\t\t\t\t\t\t\t\t\t\t\t\t\t\t<\/span>\n\t\t\t\t\t\t\t\t\t\t\t\t<a class=\"elementor-accordion-title\" tabindex=\"0\">Qui necessita uns avisos legals al seu web?<\/a>\n\t\t\t\t\t<\/h3>\n\t\t\t\t\t<div id=\"elementor-tab-content-12215\" class=\"elementor-tab-content elementor-clearfix\" data-tab=\"15\" role=\"region\" aria-labelledby=\"elementor-tab-title-12215\">Tothom amb p\u00e0gina web, subdomini, blog, landing page o ecommerce. Ha de tenir av\u00eds legal, pol\u00edtica de privacitat, cookies i condicions generals si \u00e9s ecommerce.<\/div>\n\t\t\t\t<\/div>\n\t\t\t\t\t\t\t<div class=\"elementor-accordion-item\">\n\t\t\t\t\t<h3 id=\"elementor-tab-title-12216\" class=\"elementor-tab-title\" data-tab=\"16\" role=\"button\" aria-controls=\"elementor-tab-content-12216\" aria-expanded=\"false\">\n\t\t\t\t\t\t\t\t\t\t\t\t\t<span class=\"elementor-accordion-icon elementor-accordion-icon-left\" aria-hidden=\"true\">\n\t\t\t\t\t\t\t\t\t\t\t\t\t\t\t<span class=\"elementor-accordion-icon-closed\"><i class=\"fas fa-chevron-down\"><\/i><\/span>\n\t\t\t\t\t\t\t\t<span class=\"elementor-accordion-icon-opened\"><i class=\"fas fa-chevron-up\"><\/i><\/span>\n\t\t\t\t\t\t\t\t\t\t\t\t\t\t<\/span>\n\t\t\t\t\t\t\t\t\t\t\t\t<a class=\"elementor-accordion-title\" tabindex=\"0\">Les comunitats de propietaris han de complir el RGPD?<\/a>\n\t\t\t\t\t<\/h3>\n\t\t\t\t\t<div id=\"elementor-tab-content-12216\" class=\"elementor-tab-content elementor-clearfix\" data-tab=\"16\" role=\"region\" aria-labelledby=\"elementor-tab-title-12216\">S\u00ed, ja que gestionen dades personals (llistes de ve\u00efns, c\u00e0meres, personal, morosos&#8230;).<\/div>\n\t\t\t\t<\/div>\n\t\t\t\t\t\t\t<div class=\"elementor-accordion-item\">\n\t\t\t\t\t<h3 id=\"elementor-tab-title-12217\" class=\"elementor-tab-title\" data-tab=\"17\" role=\"button\" aria-controls=\"elementor-tab-content-12217\" aria-expanded=\"false\">\n\t\t\t\t\t\t\t\t\t\t\t\t\t<span class=\"elementor-accordion-icon elementor-accordion-icon-left\" aria-hidden=\"true\">\n\t\t\t\t\t\t\t\t\t\t\t\t\t\t\t<span class=\"elementor-accordion-icon-closed\"><i class=\"fas fa-chevron-down\"><\/i><\/span>\n\t\t\t\t\t\t\t\t<span class=\"elementor-accordion-icon-opened\"><i class=\"fas fa-chevron-up\"><\/i><\/span>\n\t\t\t\t\t\t\t\t\t\t\t\t\t\t<\/span>\n\t\t\t\t\t\t\t\t\t\t\t\t<a class=\"elementor-accordion-title\" tabindex=\"0\">Puc enviar correus electr\u00f2nics o WhatsApps amb promocions sense consentiment?<\/a>\n\t\t\t\t\t<\/h3>\n\t\t\t\t\t<div id=\"elementor-tab-content-12217\" class=\"elementor-tab-content elementor-clearfix\" data-tab=\"17\" role=\"region\" aria-labelledby=\"elementor-tab-title-12217\">No. Cal consentiment previ, excepte si ja \u00e9s client i \u00e9s una promoci\u00f3 de productes o serveis similars. Sempre cal oferir opci\u00f3 d\u2019oposar-s\u2019hi.<\/div>\n\t\t\t\t<\/div>\n\t\t\t\t\t\t\t\t\t\t<script type=\"application\/ld+json\">{\"@context\":\"https:\\\/\\\/schema.org\",\"@type\":\"FAQPage\",\"mainEntity\":[{\"@type\":\"Question\",\"name\":\"Qu\\u00e8 \\u00e9s el Reglament General de Protecci\\u00f3 de Dades (RGPD) i a qui afecta?\",\"acceptedAnswer\":{\"@type\":\"Answer\",\"text\":\"El RGPD, vigent des del 25 de maig del 2018, regula el tractament de dades personals de residents a la UE i afecta empreses dins i fora de la UE que ofereixen serveis a ciutadans europeus.\"}},{\"@type\":\"Question\",\"name\":\"Quan \\u00e9s obligatori complir amb el RGPD i la LOPDGDD?\",\"acceptedAnswer\":{\"@type\":\"Answer\",\"text\":\"Sempre que una persona f\\u00edsica o jur\\u00eddica (aut\\u00f2nom, empresa, entitat, associaci\\u00f3, comunitat&#8230;) tracti dades personals de tercers en la seva activitat.\"}},{\"@type\":\"Question\",\"name\":\"Qui est\\u00e0 obligat a complir amb el RGPD?\",\"acceptedAnswer\":{\"@type\":\"Answer\",\"text\":\"Totes les organitzacions p\\u00fabliques o privades que tractin dades dins la UE o ofereixin serveis a ciutadans europeus.\"}},{\"@type\":\"Question\",\"name\":\"\\u00c9s obligatori complir encara que sigui una petita empresa o un aut\\u00f2nom?\",\"acceptedAnswer\":{\"@type\":\"Answer\",\"text\":\"S\\u00ed. El RGPD no distingeix segons la mida. Nom\\u00e9s cal tractar dades personals per estar obligat a complir-lo.\"}},{\"@type\":\"Question\",\"name\":\"Quins s\\u00f3n els principis b\\u00e0sics del RGPD?\",\"acceptedAnswer\":{\"@type\":\"Answer\",\"text\":\"Legalitat, transpar\\u00e8ncia, minimitzaci\\u00f3, exactitud, seguretat i responsabilitat proactiva.\"}},{\"@type\":\"Question\",\"name\":\"Necessito consentiment per recollir les dades dels meus clients?\",\"acceptedAnswer\":{\"@type\":\"Answer\",\"text\":\"S\\u00ed, i ha de ser clar, informat i documentat. Tot i aix\\u00ed, hi ha altres bases legals com l\\u2019obligaci\\u00f3 legal, el contracte o l\\u2019inter\\u00e8s leg\\u00edtim.\"}},{\"@type\":\"Question\",\"name\":\"Qu\\u00e8 passa si hi ha una filtraci\\u00f3 de dades a la meva empresa?\",\"acceptedAnswer\":{\"@type\":\"Answer\",\"text\":\"S\\u2019ha de notificar a l\\u2019AEPD en un m\\u00e0xim de 72 hores si hi ha risc per als drets i llibertats dels afectats. Si el risc \\u00e9s alt, tamb\\u00e9 als propis afectats.\"}},{\"@type\":\"Question\",\"name\":\"Quina difer\\u00e8ncia hi ha entre responsable i encarregat del tractament?\",\"acceptedAnswer\":{\"@type\":\"Answer\",\"text\":\"El responsable decideix qu\\u00e8 es recull i com. L\\u2019encarregat nom\\u00e9s tracta les dades per enc\\u00e0rrec. Cal un contracte entre ambd\\u00f3s.\"}},{\"@type\":\"Question\",\"name\":\"Qu\\u00e8 \\u00e9s un contracte d\\u2019encarregat de tractament?\",\"acceptedAnswer\":{\"@type\":\"Answer\",\"text\":\"\\u00c9s obligatori quan un tercer (assessoria, ag\\u00e8ncia de m\\u00e0rqueting, inform\\u00e0tic&#8230;) accedeix a dades que tu gestiones.\"}},{\"@type\":\"Question\",\"name\":\"Puc compartir fotos o v\\u00eddeos d\\u2019empleats o clients?\",\"acceptedAnswer\":{\"@type\":\"Answer\",\"text\":\"S\\u00ed, per\\u00f2 nom\\u00e9s amb el seu consentiment informat.\"}},{\"@type\":\"Question\",\"name\":\"Es poden enviar dades a pa\\u00efsos fora de la Uni\\u00f3 Europea?\",\"acceptedAnswer\":{\"@type\":\"Answer\",\"text\":\"S\\u00ed, per\\u00f2 calen garanties adequades segons el RGPD (decisi\\u00f3 d\\u2019adequaci\\u00f3, cl\\u00e0usules tipus, normes corporatives vinculants&#8230;).\"}},{\"@type\":\"Question\",\"name\":\"\\u00c9s obligatori tenir un registre intern d\\u2019activitats de tractament?\",\"acceptedAnswer\":{\"@type\":\"Answer\",\"text\":\"S\\u00ed, excepte empreses amb menys de 250 empleats que no tractin dades sensibles ni de forma habitual ni amb risc elevat.\"}},{\"@type\":\"Question\",\"name\":\"La LSSICE m\\u2019afecta si tinc una web?\",\"acceptedAnswer\":{\"@type\":\"Answer\",\"text\":\"S\\u00ed. Si ofereixes serveis o productes online, has de complir aquesta llei: cookies, informaci\\u00f3 legal, comunicacions comercials&#8230;\"}},{\"@type\":\"Question\",\"name\":\"Quina normativa ha de complir el meu web o ecommerce?\",\"acceptedAnswer\":{\"@type\":\"Answer\",\"text\":\"El RGPD, la LOPDGDD i la LSSICE, m\\u00e9s la normativa sectorial de consumidors i usuaris.\"}},{\"@type\":\"Question\",\"name\":\"Qui necessita uns avisos legals al seu web?\",\"acceptedAnswer\":{\"@type\":\"Answer\",\"text\":\"Tothom amb p\\u00e0gina web, subdomini, blog, landing page o ecommerce. Ha de tenir av\\u00eds legal, pol\\u00edtica de privacitat, cookies i condicions generals si \\u00e9s ecommerce.\"}},{\"@type\":\"Question\",\"name\":\"Les comunitats de propietaris han de complir el RGPD?\",\"acceptedAnswer\":{\"@type\":\"Answer\",\"text\":\"S\\u00ed, ja que gestionen dades personals (llistes de ve\\u00efns, c\\u00e0meres, personal, morosos&#8230;).\"}},{\"@type\":\"Question\",\"name\":\"Puc enviar correus electr\\u00f2nics o WhatsApps amb promocions sense consentiment?\",\"acceptedAnswer\":{\"@type\":\"Answer\",\"text\":\"No. Cal consentiment previ, excepte si ja \\u00e9s client i \\u00e9s una promoci\\u00f3 de productes o serveis similars. Sempre cal oferir opci\\u00f3 d\\u2019oposar-s\\u2019hi.\"}}]}<\/script>\n\t\t\t\t\t<\/div>\n\t\t\t\t\t\t<\/div>\n\t\t\t\t<\/div>\n\t\t\t\t\t<\/div>\n\t\t<\/div>\n\t\t\t\t\t<\/div>\n\t\t<\/section>\n\t\t\t\t<section class=\"elementor-section elementor-top-section elementor-element elementor-element-908944e elementor-section-boxed elementor-section-height-default elementor-section-height-default elementor-invisible\" data-id=\"908944e\" data-element_type=\"section\" data-e-type=\"section\" data-settings=\"{&quot;animation&quot;:&quot;fadeIn&quot;,&quot;background_background&quot;:&quot;classic&quot;}\">\n\t\t\t\t\t\t<div class=\"elementor-container elementor-column-gap-default\">\n\t\t\t\t\t<div class=\"elementor-column elementor-col-100 elementor-top-column elementor-element elementor-element-ef4187e\" data-id=\"ef4187e\" data-element_type=\"column\" data-e-type=\"column\">\n\t\t\t<div class=\"elementor-widget-wrap elementor-element-populated\">\n\t\t\t\t\t\t<div class=\"elementor-element elementor-element-4f4ac96 elementor-widget elementor-widget-heading\" data-id=\"4f4ac96\" data-element_type=\"widget\" data-e-type=\"widget\" data-widget_type=\"heading.default\">\n\t\t\t\t<div class=\"elementor-widget-container\">\n\t\t\t\t\t<h2 class=\"elementor-heading-title elementor-size-default\">PROPIETAT INTEL\u00b7LECTUAL I INDUSTRIAL\n<\/h2>\t\t\t\t<\/div>\n\t\t\t\t<\/div>\n\t\t\t\t<div class=\"elementor-element elementor-element-dfffdee elementor-widget elementor-widget-accordion\" data-id=\"dfffdee\" data-element_type=\"widget\" data-e-type=\"widget\" data-widget_type=\"accordion.default\">\n\t\t\t\t<div class=\"elementor-widget-container\">\n\t\t\t\t\t\t\t<div class=\"elementor-accordion\">\n\t\t\t\t\t\t\t<div class=\"elementor-accordion-item\">\n\t\t\t\t\t<h3 id=\"elementor-tab-title-2341\" class=\"elementor-tab-title\" data-tab=\"1\" role=\"button\" aria-controls=\"elementor-tab-content-2341\" aria-expanded=\"false\">\n\t\t\t\t\t\t\t\t\t\t\t\t\t<span class=\"elementor-accordion-icon elementor-accordion-icon-left\" aria-hidden=\"true\">\n\t\t\t\t\t\t\t\t\t\t\t\t\t\t\t<span class=\"elementor-accordion-icon-closed\"><i class=\"fas fa-chevron-down\"><\/i><\/span>\n\t\t\t\t\t\t\t\t<span class=\"elementor-accordion-icon-opened\"><i class=\"fas fa-chevron-up\"><\/i><\/span>\n\t\t\t\t\t\t\t\t\t\t\t\t\t\t<\/span>\n\t\t\t\t\t\t\t\t\t\t\t\t<a class=\"elementor-accordion-title\" tabindex=\"0\">Quina difer\u00e8ncia hi ha entre nom comercial i marca?<\/a>\n\t\t\t\t\t<\/h3>\n\t\t\t\t\t<div id=\"elementor-tab-content-2341\" class=\"elementor-tab-content elementor-clearfix\" data-tab=\"1\" role=\"region\" aria-labelledby=\"elementor-tab-title-2341\">El nom comercial identifica una empresa. La marca protegeix productes o serveis. Cal registrar-les per protegir-les legalment.<\/div>\n\t\t\t\t<\/div>\n\t\t\t\t\t\t\t<div class=\"elementor-accordion-item\">\n\t\t\t\t\t<h3 id=\"elementor-tab-title-2342\" class=\"elementor-tab-title\" data-tab=\"2\" role=\"button\" aria-controls=\"elementor-tab-content-2342\" aria-expanded=\"false\">\n\t\t\t\t\t\t\t\t\t\t\t\t\t<span class=\"elementor-accordion-icon elementor-accordion-icon-left\" aria-hidden=\"true\">\n\t\t\t\t\t\t\t\t\t\t\t\t\t\t\t<span class=\"elementor-accordion-icon-closed\"><i class=\"fas fa-chevron-down\"><\/i><\/span>\n\t\t\t\t\t\t\t\t<span class=\"elementor-accordion-icon-opened\"><i class=\"fas fa-chevron-up\"><\/i><\/span>\n\t\t\t\t\t\t\t\t\t\t\t\t\t\t<\/span>\n\t\t\t\t\t\t\t\t\t\t\t\t<a class=\"elementor-accordion-title\" tabindex=\"0\">Qu\u00e8 protegeix la propietat intel\u00b7lectual?<\/a>\n\t\t\t\t\t<\/h3>\n\t\t\t\t\t<div id=\"elementor-tab-content-2342\" class=\"elementor-tab-content elementor-clearfix\" data-tab=\"2\" role=\"region\" aria-labelledby=\"elementor-tab-title-2342\">Textos, imatges, v\u00eddeos, dissenys, formacions, logos, obres digitals o qualsevol creaci\u00f3 original.<\/div>\n\t\t\t\t<\/div>\n\t\t\t\t\t\t\t<div class=\"elementor-accordion-item\">\n\t\t\t\t\t<h3 id=\"elementor-tab-title-2343\" class=\"elementor-tab-title\" data-tab=\"3\" role=\"button\" aria-controls=\"elementor-tab-content-2343\" aria-expanded=\"false\">\n\t\t\t\t\t\t\t\t\t\t\t\t\t<span class=\"elementor-accordion-icon elementor-accordion-icon-left\" aria-hidden=\"true\">\n\t\t\t\t\t\t\t\t\t\t\t\t\t\t\t<span class=\"elementor-accordion-icon-closed\"><i class=\"fas fa-chevron-down\"><\/i><\/span>\n\t\t\t\t\t\t\t\t<span class=\"elementor-accordion-icon-opened\"><i class=\"fas fa-chevron-up\"><\/i><\/span>\n\t\t\t\t\t\t\t\t\t\t\t\t\t\t<\/span>\n\t\t\t\t\t\t\t\t\t\t\t\t<a class=\"elementor-accordion-title\" tabindex=\"0\">Per qu\u00e8 registrar una marca?<\/a>\n\t\t\t\t\t<\/h3>\n\t\t\t\t\t<div id=\"elementor-tab-content-2343\" class=\"elementor-tab-content elementor-clearfix\" data-tab=\"3\" role=\"region\" aria-labelledby=\"elementor-tab-title-2343\">Perqu\u00e8 nom\u00e9s si est\u00e0 registrada tens drets exclusius sobre el seu \u00fas. Aix\u00ed pots evitar que una altra empresa utilitzi un nom similar, o que altres facin servir el teu nom, logotip o identitat de marca, i et podr\u00e0s defensar legalment en cas de conflicte.<\/div>\n\t\t\t\t<\/div>\n\t\t\t\t\t\t\t<div class=\"elementor-accordion-item\">\n\t\t\t\t\t<h3 id=\"elementor-tab-title-2344\" class=\"elementor-tab-title\" data-tab=\"4\" role=\"button\" aria-controls=\"elementor-tab-content-2344\" aria-expanded=\"false\">\n\t\t\t\t\t\t\t\t\t\t\t\t\t<span class=\"elementor-accordion-icon elementor-accordion-icon-left\" aria-hidden=\"true\">\n\t\t\t\t\t\t\t\t\t\t\t\t\t\t\t<span class=\"elementor-accordion-icon-closed\"><i class=\"fas fa-chevron-down\"><\/i><\/span>\n\t\t\t\t\t\t\t\t<span class=\"elementor-accordion-icon-opened\"><i class=\"fas fa-chevron-up\"><\/i><\/span>\n\t\t\t\t\t\t\t\t\t\t\t\t\t\t<\/span>\n\t\t\t\t\t\t\t\t\t\t\t\t<a class=\"elementor-accordion-title\" tabindex=\"0\">Si tinc un web o una app, l\u2019he de protegir tamb\u00e9?<\/a>\n\t\t\t\t\t<\/h3>\n\t\t\t\t\t<div id=\"elementor-tab-content-2344\" class=\"elementor-tab-content elementor-clearfix\" data-tab=\"4\" role=\"region\" aria-labelledby=\"elementor-tab-title-2344\">S\u00ed. \u00c9s important protegir el disseny, els textos, les imatges, l\u2019estructura i el desenvolupament.<\/div>\n\t\t\t\t<\/div>\n\t\t\t\t\t\t\t<div class=\"elementor-accordion-item\">\n\t\t\t\t\t<h3 id=\"elementor-tab-title-2345\" class=\"elementor-tab-title\" data-tab=\"5\" role=\"button\" aria-controls=\"elementor-tab-content-2345\" aria-expanded=\"false\">\n\t\t\t\t\t\t\t\t\t\t\t\t\t<span class=\"elementor-accordion-icon elementor-accordion-icon-left\" aria-hidden=\"true\">\n\t\t\t\t\t\t\t\t\t\t\t\t\t\t\t<span class=\"elementor-accordion-icon-closed\"><i class=\"fas fa-chevron-down\"><\/i><\/span>\n\t\t\t\t\t\t\t\t<span class=\"elementor-accordion-icon-opened\"><i class=\"fas fa-chevron-up\"><\/i><\/span>\n\t\t\t\t\t\t\t\t\t\t\t\t\t\t<\/span>\n\t\t\t\t\t\t\t\t\t\t\t\t<a class=\"elementor-accordion-title\" tabindex=\"0\">Puc protegir un programari que he desenvolupat?<\/a>\n\t\t\t\t\t<\/h3>\n\t\t\t\t\t<div id=\"elementor-tab-content-2345\" class=\"elementor-tab-content elementor-clearfix\" data-tab=\"5\" role=\"region\" aria-labelledby=\"elementor-tab-title-2345\"><p>S\u00ed, el programari es pot protegir com a obra de propietat intel\u00b7lectual des del moment en qu\u00e8 el crees.<\/p><\/div>\n\t\t\t\t<\/div>\n\t\t\t\t\t\t\t<div class=\"elementor-accordion-item\">\n\t\t\t\t\t<h3 id=\"elementor-tab-title-2346\" class=\"elementor-tab-title\" data-tab=\"6\" role=\"button\" aria-controls=\"elementor-tab-content-2346\" aria-expanded=\"false\">\n\t\t\t\t\t\t\t\t\t\t\t\t\t<span class=\"elementor-accordion-icon elementor-accordion-icon-left\" aria-hidden=\"true\">\n\t\t\t\t\t\t\t\t\t\t\t\t\t\t\t<span class=\"elementor-accordion-icon-closed\"><i class=\"fas fa-chevron-down\"><\/i><\/span>\n\t\t\t\t\t\t\t\t<span class=\"elementor-accordion-icon-opened\"><i class=\"fas fa-chevron-up\"><\/i><\/span>\n\t\t\t\t\t\t\t\t\t\t\t\t\t\t<\/span>\n\t\t\t\t\t\t\t\t\t\t\t\t<a class=\"elementor-accordion-title\" tabindex=\"0\">Es pot protegir el codi font?<\/a>\n\t\t\t\t\t<\/h3>\n\t\t\t\t\t<div id=\"elementor-tab-content-2346\" class=\"elementor-tab-content elementor-clearfix\" data-tab=\"6\" role=\"region\" aria-labelledby=\"elementor-tab-title-2346\">S\u00ed, forma part del software i tamb\u00e9 est\u00e0 protegit per propietat intel\u00b7lectual.<\/div>\n\t\t\t\t<\/div>\n\t\t\t\t\t\t\t<div class=\"elementor-accordion-item\">\n\t\t\t\t\t<h3 id=\"elementor-tab-title-2347\" class=\"elementor-tab-title\" data-tab=\"7\" role=\"button\" aria-controls=\"elementor-tab-content-2347\" aria-expanded=\"false\">\n\t\t\t\t\t\t\t\t\t\t\t\t\t<span class=\"elementor-accordion-icon elementor-accordion-icon-left\" aria-hidden=\"true\">\n\t\t\t\t\t\t\t\t\t\t\t\t\t\t\t<span class=\"elementor-accordion-icon-closed\"><i class=\"fas fa-chevron-down\"><\/i><\/span>\n\t\t\t\t\t\t\t\t<span class=\"elementor-accordion-icon-opened\"><i class=\"fas fa-chevron-up\"><\/i><\/span>\n\t\t\t\t\t\t\t\t\t\t\t\t\t\t<\/span>\n\t\t\t\t\t\t\t\t\t\t\t\t<a class=\"elementor-accordion-title\" tabindex=\"0\">Puc protegir una idea d\u2019app encara que no l\u2019hagi desenvolupat?<\/a>\n\t\t\t\t\t<\/h3>\n\t\t\t\t\t<div id=\"elementor-tab-content-2347\" class=\"elementor-tab-content elementor-clearfix\" data-tab=\"7\" role=\"region\" aria-labelledby=\"elementor-tab-title-2347\">No. Les idees no es poden protegir, nom\u00e9s el desenvolupament o documentaci\u00f3 que les materialitza.<\/div>\n\t\t\t\t<\/div>\n\t\t\t\t\t\t\t<div class=\"elementor-accordion-item\">\n\t\t\t\t\t<h3 id=\"elementor-tab-title-2348\" class=\"elementor-tab-title\" data-tab=\"8\" role=\"button\" aria-controls=\"elementor-tab-content-2348\" aria-expanded=\"false\">\n\t\t\t\t\t\t\t\t\t\t\t\t\t<span class=\"elementor-accordion-icon elementor-accordion-icon-left\" aria-hidden=\"true\">\n\t\t\t\t\t\t\t\t\t\t\t\t\t\t\t<span class=\"elementor-accordion-icon-closed\"><i class=\"fas fa-chevron-down\"><\/i><\/span>\n\t\t\t\t\t\t\t\t<span class=\"elementor-accordion-icon-opened\"><i class=\"fas fa-chevron-up\"><\/i><\/span>\n\t\t\t\t\t\t\t\t\t\t\t\t\t\t<\/span>\n\t\t\t\t\t\t\t\t\t\t\t\t<a class=\"elementor-accordion-title\" tabindex=\"0\">Necessito un contracte de cessi\u00f3 de drets si desenvolupo una app per a un tercer?<\/a>\n\t\t\t\t\t<\/h3>\n\t\t\t\t\t<div id=\"elementor-tab-content-2348\" class=\"elementor-tab-content elementor-clearfix\" data-tab=\"8\" role=\"region\" aria-labelledby=\"elementor-tab-title-2348\"><p>S\u00ed, per deixar clar a qui pertanyen els drets d\u2019\u00fas, explotaci\u00f3 o modificaci\u00f3.<\/p><\/div>\n\t\t\t\t<\/div>\n\t\t\t\t\t\t\t<div class=\"elementor-accordion-item\">\n\t\t\t\t\t<h3 id=\"elementor-tab-title-2349\" class=\"elementor-tab-title\" data-tab=\"9\" role=\"button\" aria-controls=\"elementor-tab-content-2349\" aria-expanded=\"false\">\n\t\t\t\t\t\t\t\t\t\t\t\t\t<span class=\"elementor-accordion-icon elementor-accordion-icon-left\" aria-hidden=\"true\">\n\t\t\t\t\t\t\t\t\t\t\t\t\t\t\t<span class=\"elementor-accordion-icon-closed\"><i class=\"fas fa-chevron-down\"><\/i><\/span>\n\t\t\t\t\t\t\t\t<span class=\"elementor-accordion-icon-opened\"><i class=\"fas fa-chevron-up\"><\/i><\/span>\n\t\t\t\t\t\t\t\t\t\t\t\t\t\t<\/span>\n\t\t\t\t\t\t\t\t\t\t\t\t<a class=\"elementor-accordion-title\" tabindex=\"0\">Puc registrar les meves formacions online com a propietat intel\u00b7lectual?<\/a>\n\t\t\t\t\t<\/h3>\n\t\t\t\t\t<div id=\"elementor-tab-content-2349\" class=\"elementor-tab-content elementor-clearfix\" data-tab=\"9\" role=\"region\" aria-labelledby=\"elementor-tab-title-2349\">S\u00ed. Pots registrar v\u00eddeos, presentacions, textos o qualsevol contingut formatiu original.<\/div>\n\t\t\t\t<\/div>\n\t\t\t\t\t\t\t<div class=\"elementor-accordion-item\">\n\t\t\t\t\t<h3 id=\"elementor-tab-title-23410\" class=\"elementor-tab-title\" data-tab=\"10\" role=\"button\" aria-controls=\"elementor-tab-content-23410\" aria-expanded=\"false\">\n\t\t\t\t\t\t\t\t\t\t\t\t\t<span class=\"elementor-accordion-icon elementor-accordion-icon-left\" aria-hidden=\"true\">\n\t\t\t\t\t\t\t\t\t\t\t\t\t\t\t<span class=\"elementor-accordion-icon-closed\"><i class=\"fas fa-chevron-down\"><\/i><\/span>\n\t\t\t\t\t\t\t\t<span class=\"elementor-accordion-icon-opened\"><i class=\"fas fa-chevron-up\"><\/i><\/span>\n\t\t\t\t\t\t\t\t\t\t\t\t\t\t<\/span>\n\t\t\t\t\t\t\t\t\t\t\t\t<a class=\"elementor-accordion-title\" tabindex=\"0\">He de registrar cada versi\u00f3 actualitzada de les meves presentacions o formacions?<\/a>\n\t\t\t\t\t<\/h3>\n\t\t\t\t\t<div id=\"elementor-tab-content-23410\" class=\"elementor-tab-content elementor-clearfix\" data-tab=\"10\" role=\"region\" aria-labelledby=\"elementor-tab-title-23410\"><p>No \u00e9s obligatori, per\u00f2 s\u00ed recomanable si has fet canvis importants.<\/p><\/div>\n\t\t\t\t<\/div>\n\t\t\t\t\t\t\t\t\t\t<script type=\"application\/ld+json\">{\"@context\":\"https:\\\/\\\/schema.org\",\"@type\":\"FAQPage\",\"mainEntity\":[{\"@type\":\"Question\",\"name\":\"Quina difer\\u00e8ncia hi ha entre nom comercial i marca?\",\"acceptedAnswer\":{\"@type\":\"Answer\",\"text\":\"El nom comercial identifica una empresa. La marca protegeix productes o serveis. Cal registrar-les per protegir-les legalment.\"}},{\"@type\":\"Question\",\"name\":\"Qu\\u00e8 protegeix la propietat intel\\u00b7lectual?\",\"acceptedAnswer\":{\"@type\":\"Answer\",\"text\":\"Textos, imatges, v\\u00eddeos, dissenys, formacions, logos, obres digitals o qualsevol creaci\\u00f3 original.\"}},{\"@type\":\"Question\",\"name\":\"Per qu\\u00e8 registrar una marca?\",\"acceptedAnswer\":{\"@type\":\"Answer\",\"text\":\"Perqu\\u00e8 nom\\u00e9s si est\\u00e0 registrada tens drets exclusius sobre el seu \\u00fas. Aix\\u00ed pots evitar que una altra empresa utilitzi un nom similar, o que altres facin servir el teu nom, logotip o identitat de marca, i et podr\\u00e0s defensar legalment en cas de conflicte.\"}},{\"@type\":\"Question\",\"name\":\"Si tinc un web o una app, l\\u2019he de protegir tamb\\u00e9?\",\"acceptedAnswer\":{\"@type\":\"Answer\",\"text\":\"S\\u00ed. \\u00c9s important protegir el disseny, els textos, les imatges, l\\u2019estructura i el desenvolupament.\"}},{\"@type\":\"Question\",\"name\":\"Puc protegir un programari que he desenvolupat?\",\"acceptedAnswer\":{\"@type\":\"Answer\",\"text\":\"<p>S\\u00ed, el programari es pot protegir com a obra de propietat intel\\u00b7lectual des del moment en qu\\u00e8 el crees.<\\\/p>\"}},{\"@type\":\"Question\",\"name\":\"Es pot protegir el codi font?\",\"acceptedAnswer\":{\"@type\":\"Answer\",\"text\":\"S\\u00ed, forma part del software i tamb\\u00e9 est\\u00e0 protegit per propietat intel\\u00b7lectual.\"}},{\"@type\":\"Question\",\"name\":\"Puc protegir una idea d\\u2019app encara que no l\\u2019hagi desenvolupat?\",\"acceptedAnswer\":{\"@type\":\"Answer\",\"text\":\"No. Les idees no es poden protegir, nom\\u00e9s el desenvolupament o documentaci\\u00f3 que les materialitza.\"}},{\"@type\":\"Question\",\"name\":\"Necessito un contracte de cessi\\u00f3 de drets si desenvolupo una app per a un tercer?\",\"acceptedAnswer\":{\"@type\":\"Answer\",\"text\":\"<p>S\\u00ed, per deixar clar a qui pertanyen els drets d\\u2019\\u00fas, explotaci\\u00f3 o modificaci\\u00f3.<\\\/p>\"}},{\"@type\":\"Question\",\"name\":\"Puc registrar les meves formacions online com a propietat intel\\u00b7lectual?\",\"acceptedAnswer\":{\"@type\":\"Answer\",\"text\":\"S\\u00ed. Pots registrar v\\u00eddeos, presentacions, textos o qualsevol contingut formatiu original.\"}},{\"@type\":\"Question\",\"name\":\"He de registrar cada versi\\u00f3 actualitzada de les meves presentacions o formacions?\",\"acceptedAnswer\":{\"@type\":\"Answer\",\"text\":\"<p>No \\u00e9s obligatori, per\\u00f2 s\\u00ed recomanable si has fet canvis importants.<\\\/p>\"}}]}<\/script>\n\t\t\t\t\t<\/div>\n\t\t\t\t\t\t<\/div>\n\t\t\t\t<\/div>\n\t\t\t\t\t<\/div>\n\t\t<\/div>\n\t\t\t\t\t<\/div>\n\t\t<\/section>\n\t\t\t\t<section class=\"elementor-section elementor-top-section elementor-element elementor-element-8571de8 elementor-section-boxed elementor-section-height-default elementor-section-height-default elementor-invisible\" data-id=\"8571de8\" data-element_type=\"section\" data-e-type=\"section\" data-settings=\"{&quot;animation&quot;:&quot;fadeIn&quot;,&quot;background_background&quot;:&quot;classic&quot;}\">\n\t\t\t\t\t\t<div class=\"elementor-container elementor-column-gap-default\">\n\t\t\t\t\t<div class=\"elementor-column elementor-col-100 elementor-top-column elementor-element elementor-element-5033dd6\" data-id=\"5033dd6\" data-element_type=\"column\" data-e-type=\"column\">\n\t\t\t<div class=\"elementor-widget-wrap elementor-element-populated\">\n\t\t\t\t\t\t<div class=\"elementor-element elementor-element-e12b57e elementor-widget elementor-widget-heading\" data-id=\"e12b57e\" data-element_type=\"widget\" data-e-type=\"widget\" data-widget_type=\"heading.default\">\n\t\t\t\t<div class=\"elementor-widget-container\">\n\t\t\t\t\t<h2 class=\"elementor-heading-title elementor-size-default\">DELEGAT DE PROTECCI\u00d3 DE DADES (DPD)<\/h2>\t\t\t\t<\/div>\n\t\t\t\t<\/div>\n\t\t\t\t<div class=\"elementor-element elementor-element-5d058ff elementor-widget elementor-widget-accordion\" data-id=\"5d058ff\" data-element_type=\"widget\" data-e-type=\"widget\" data-widget_type=\"accordion.default\">\n\t\t\t\t<div class=\"elementor-widget-container\">\n\t\t\t\t\t\t\t<div class=\"elementor-accordion\">\n\t\t\t\t\t\t\t<div class=\"elementor-accordion-item\">\n\t\t\t\t\t<h3 id=\"elementor-tab-title-9751\" class=\"elementor-tab-title\" data-tab=\"1\" role=\"button\" aria-controls=\"elementor-tab-content-9751\" aria-expanded=\"false\">\n\t\t\t\t\t\t\t\t\t\t\t\t\t<span class=\"elementor-accordion-icon elementor-accordion-icon-left\" aria-hidden=\"true\">\n\t\t\t\t\t\t\t\t\t\t\t\t\t\t\t<span class=\"elementor-accordion-icon-closed\"><i class=\"fas fa-chevron-down\"><\/i><\/span>\n\t\t\t\t\t\t\t\t<span class=\"elementor-accordion-icon-opened\"><i class=\"fas fa-chevron-up\"><\/i><\/span>\n\t\t\t\t\t\t\t\t\t\t\t\t\t\t<\/span>\n\t\t\t\t\t\t\t\t\t\t\t\t<a class=\"elementor-accordion-title\" tabindex=\"0\">Qu\u00e8 \u00e9s un Delegat de Protecci\u00f3 de Dades (DPD)?<\/a>\n\t\t\t\t\t<\/h3>\n\t\t\t\t\t<div id=\"elementor-tab-content-9751\" class=\"elementor-tab-content elementor-clearfix\" data-tab=\"1\" role=\"region\" aria-labelledby=\"elementor-tab-title-9751\">\u00c9s la figura encarregada de garantir el compliment de la normativa. Pot ser obligatori o voluntari.<\/div>\n\t\t\t\t<\/div>\n\t\t\t\t\t\t\t<div class=\"elementor-accordion-item\">\n\t\t\t\t\t<h3 id=\"elementor-tab-title-9752\" class=\"elementor-tab-title\" data-tab=\"2\" role=\"button\" aria-controls=\"elementor-tab-content-9752\" aria-expanded=\"false\">\n\t\t\t\t\t\t\t\t\t\t\t\t\t<span class=\"elementor-accordion-icon elementor-accordion-icon-left\" aria-hidden=\"true\">\n\t\t\t\t\t\t\t\t\t\t\t\t\t\t\t<span class=\"elementor-accordion-icon-closed\"><i class=\"fas fa-chevron-down\"><\/i><\/span>\n\t\t\t\t\t\t\t\t<span class=\"elementor-accordion-icon-opened\"><i class=\"fas fa-chevron-up\"><\/i><\/span>\n\t\t\t\t\t\t\t\t\t\t\t\t\t\t<\/span>\n\t\t\t\t\t\t\t\t\t\t\t\t<a class=\"elementor-accordion-title\" tabindex=\"0\">Quan \u00e9s obligatori nomenar un Delegat de Protecci\u00f3 de Dades?<\/a>\n\t\t\t\t\t<\/h3>\n\t\t\t\t\t<div id=\"elementor-tab-content-9752\" class=\"elementor-tab-content elementor-clearfix\" data-tab=\"2\" role=\"region\" aria-labelledby=\"elementor-tab-title-9752\"><p>Quan ho estableix l\u2019article 37 del RGPD i el 34 de la LOPDGDD. Exemples: col\u00b7legis professionals, centres sanitaris, docents, entitats p\u00fabliques, empreses amb tractaments a gran escala, asseguradores, operadors de joc, etc.<\/p><\/div>\n\t\t\t\t<\/div>\n\t\t\t\t\t\t\t<div class=\"elementor-accordion-item\">\n\t\t\t\t\t<h3 id=\"elementor-tab-title-9753\" class=\"elementor-tab-title\" data-tab=\"3\" role=\"button\" aria-controls=\"elementor-tab-content-9753\" aria-expanded=\"false\">\n\t\t\t\t\t\t\t\t\t\t\t\t\t<span class=\"elementor-accordion-icon elementor-accordion-icon-left\" aria-hidden=\"true\">\n\t\t\t\t\t\t\t\t\t\t\t\t\t\t\t<span class=\"elementor-accordion-icon-closed\"><i class=\"fas fa-chevron-down\"><\/i><\/span>\n\t\t\t\t\t\t\t\t<span class=\"elementor-accordion-icon-opened\"><i class=\"fas fa-chevron-up\"><\/i><\/span>\n\t\t\t\t\t\t\t\t\t\t\t\t\t\t<\/span>\n\t\t\t\t\t\t\t\t\t\t\t\t<a class=\"elementor-accordion-title\" tabindex=\"0\">Quines funcions t\u00e9 el DPD?<\/a>\n\t\t\t\t\t<\/h3>\n\t\t\t\t\t<div id=\"elementor-tab-content-9753\" class=\"elementor-tab-content elementor-clearfix\" data-tab=\"3\" role=\"region\" aria-labelledby=\"elementor-tab-title-9753\">Assessora, supervisa el compliment, coopera amb l\u2019AEPD i \u00e9s el punt de contacte amb els usuaris.<\/div>\n\t\t\t\t<\/div>\n\t\t\t\t\t\t\t<div class=\"elementor-accordion-item\">\n\t\t\t\t\t<h3 id=\"elementor-tab-title-9754\" class=\"elementor-tab-title\" data-tab=\"4\" role=\"button\" aria-controls=\"elementor-tab-content-9754\" aria-expanded=\"false\">\n\t\t\t\t\t\t\t\t\t\t\t\t\t<span class=\"elementor-accordion-icon elementor-accordion-icon-left\" aria-hidden=\"true\">\n\t\t\t\t\t\t\t\t\t\t\t\t\t\t\t<span class=\"elementor-accordion-icon-closed\"><i class=\"fas fa-chevron-down\"><\/i><\/span>\n\t\t\t\t\t\t\t\t<span class=\"elementor-accordion-icon-opened\"><i class=\"fas fa-chevron-up\"><\/i><\/span>\n\t\t\t\t\t\t\t\t\t\t\t\t\t\t<\/span>\n\t\t\t\t\t\t\t\t\t\t\t\t<a class=\"elementor-accordion-title\" tabindex=\"0\">Puc externalitzar el servei de DPD?<\/a>\n\t\t\t\t\t<\/h3>\n\t\t\t\t\t<div id=\"elementor-tab-content-9754\" class=\"elementor-tab-content elementor-clearfix\" data-tab=\"4\" role=\"region\" aria-labelledby=\"elementor-tab-title-9754\">S\u00ed, moltes pimes opten per contractar un DPD extern amb experi\u00e8ncia legal i t\u00e8cnica. Pots comptar amb un DPD extern, acreditat i especialitzat, que supervisi el compliment de la normativa a la teva entitat. A PymeLegal tenim diverses advocades certificades com a DPD que poden ser les teves DPD externes.<\/div>\n\t\t\t\t<\/div>\n\t\t\t\t\t\t\t<div class=\"elementor-accordion-item\">\n\t\t\t\t\t<h3 id=\"elementor-tab-title-9755\" class=\"elementor-tab-title\" data-tab=\"5\" role=\"button\" aria-controls=\"elementor-tab-content-9755\" aria-expanded=\"false\">\n\t\t\t\t\t\t\t\t\t\t\t\t\t<span class=\"elementor-accordion-icon elementor-accordion-icon-left\" aria-hidden=\"true\">\n\t\t\t\t\t\t\t\t\t\t\t\t\t\t\t<span class=\"elementor-accordion-icon-closed\"><i class=\"fas fa-chevron-down\"><\/i><\/span>\n\t\t\t\t\t\t\t\t<span class=\"elementor-accordion-icon-opened\"><i class=\"fas fa-chevron-up\"><\/i><\/span>\n\t\t\t\t\t\t\t\t\t\t\t\t\t\t<\/span>\n\t\t\t\t\t\t\t\t\t\t\t\t<a class=\"elementor-accordion-title\" tabindex=\"0\">I si no el tinc i hauria de tenir-lo?<\/a>\n\t\t\t\t\t<\/h3>\n\t\t\t\t\t<div id=\"elementor-tab-content-9755\" class=\"elementor-tab-content elementor-clearfix\" data-tab=\"5\" role=\"region\" aria-labelledby=\"elementor-tab-title-9755\"><p>Podries rebre una sanci\u00f3 si l\u2019AEPD considera que est\u00e0s obligat a tenir-lo i no l\u2019has designat ni notificat.<\/p><\/div>\n\t\t\t\t<\/div>\n\t\t\t\t\t\t\t<div class=\"elementor-accordion-item\">\n\t\t\t\t\t<h3 id=\"elementor-tab-title-9756\" class=\"elementor-tab-title\" data-tab=\"6\" role=\"button\" aria-controls=\"elementor-tab-content-9756\" aria-expanded=\"false\">\n\t\t\t\t\t\t\t\t\t\t\t\t\t<span class=\"elementor-accordion-icon elementor-accordion-icon-left\" aria-hidden=\"true\">\n\t\t\t\t\t\t\t\t\t\t\t\t\t\t\t<span class=\"elementor-accordion-icon-closed\"><i class=\"fas fa-chevron-down\"><\/i><\/span>\n\t\t\t\t\t\t\t\t<span class=\"elementor-accordion-icon-opened\"><i class=\"fas fa-chevron-up\"><\/i><\/span>\n\t\t\t\t\t\t\t\t\t\t\t\t\t\t<\/span>\n\t\t\t\t\t\t\t\t\t\t\t\t<a class=\"elementor-accordion-title\" tabindex=\"0\">Si tinc un canal de den\u00fancies, estic obligat a tenir un Delegat de Protecci\u00f3 de Dades (DPD)?<\/a>\n\t\t\t\t\t<\/h3>\n\t\t\t\t\t<div id=\"elementor-tab-content-9756\" class=\"elementor-tab-content elementor-clearfix\" data-tab=\"6\" role=\"region\" aria-labelledby=\"elementor-tab-title-9756\">S\u00ed, si tens m\u00e9s de 50 treballadors. Ho estableix la Llei 2\/2023 de protecci\u00f3 dels denunciants.<\/div>\n\t\t\t\t<\/div>\n\t\t\t\t\t\t\t\t\t\t<script type=\"application\/ld+json\">{\"@context\":\"https:\\\/\\\/schema.org\",\"@type\":\"FAQPage\",\"mainEntity\":[{\"@type\":\"Question\",\"name\":\"Qu\\u00e8 \\u00e9s un Delegat de Protecci\\u00f3 de Dades (DPD)?\",\"acceptedAnswer\":{\"@type\":\"Answer\",\"text\":\"\\u00c9s la figura encarregada de garantir el compliment de la normativa. Pot ser obligatori o voluntari.\"}},{\"@type\":\"Question\",\"name\":\"Quan \\u00e9s obligatori nomenar un Delegat de Protecci\\u00f3 de Dades?\",\"acceptedAnswer\":{\"@type\":\"Answer\",\"text\":\"<p>Quan ho estableix l\\u2019article 37 del RGPD i el 34 de la LOPDGDD. Exemples: col\\u00b7legis professionals, centres sanitaris, docents, entitats p\\u00fabliques, empreses amb tractaments a gran escala, asseguradores, operadors de joc, etc.<\\\/p>\"}},{\"@type\":\"Question\",\"name\":\"Quines funcions t\\u00e9 el DPD?\",\"acceptedAnswer\":{\"@type\":\"Answer\",\"text\":\"Assessora, supervisa el compliment, coopera amb l\\u2019AEPD i \\u00e9s el punt de contacte amb els usuaris.\"}},{\"@type\":\"Question\",\"name\":\"Puc externalitzar el servei de DPD?\",\"acceptedAnswer\":{\"@type\":\"Answer\",\"text\":\"S\\u00ed, moltes pimes opten per contractar un DPD extern amb experi\\u00e8ncia legal i t\\u00e8cnica. Pots comptar amb un DPD extern, acreditat i especialitzat, que supervisi el compliment de la normativa a la teva entitat. A PymeLegal tenim diverses advocades certificades com a DPD que poden ser les teves DPD externes.\"}},{\"@type\":\"Question\",\"name\":\"I si no el tinc i hauria de tenir-lo?\",\"acceptedAnswer\":{\"@type\":\"Answer\",\"text\":\"<p>Podries rebre una sanci\\u00f3 si l\\u2019AEPD considera que est\\u00e0s obligat a tenir-lo i no l\\u2019has designat ni notificat.<\\\/p>\"}},{\"@type\":\"Question\",\"name\":\"Si tinc un canal de den\\u00fancies, estic obligat a tenir un Delegat de Protecci\\u00f3 de Dades (DPD)?\",\"acceptedAnswer\":{\"@type\":\"Answer\",\"text\":\"S\\u00ed, si tens m\\u00e9s de 50 treballadors. Ho estableix la Llei 2\\\/2023 de protecci\\u00f3 dels denunciants.\"}}]}<\/script>\n\t\t\t\t\t<\/div>\n\t\t\t\t\t\t<\/div>\n\t\t\t\t<\/div>\n\t\t\t\t\t<\/div>\n\t\t<\/div>\n\t\t\t\t\t<\/div>\n\t\t<\/section>\n\t\t\t\t<\/div>\n\t\t","protected":false},"excerpt":{"rendered":"<p>Preguntes freq\u00fcents sobre protecci\u00f3 de dades, propietat intel\u00b7lectual i industrial i normativa digital PROTECCI\u00d3 DE DADES: QU\u00c8, QUI I COM? Qu\u00e8 \u00e9s la protecci\u00f3 de dades i per a qu\u00e8 serveix? \u00c9s el conjunt de normatives que regulen com s\u2019han de tractar les dades personals per garantir la privacitat de les persones. Serveix per evitar-ne &#8230; <a title=\"Preguntes freq\u00fcents (FAQs)\" class=\"read-more\" href=\"https:\/\/www.pymelegal.es\/ca\/preguntes-frequents-proteccio-de-dades\" aria-label=\"M\u00e9s informaci\u00f3 sobre Preguntes freq\u00fcents (FAQs)\">Read more<\/a><\/p>\n","protected":false},"author":1,"featured_media":15657,"parent":0,"menu_order":0,"comment_status":"closed","ping_status":"closed","template":"","meta":{"content-type":"","footnotes":""},"class_list":["post-15700","page","type-page","status-publish","has-post-thumbnail"],"yoast_head":"<!-- This site is optimized with the Yoast SEO plugin v27.5 - https:\/\/yoast.com\/product\/yoast-seo-wordpress\/ -->\n<title>FAQs - PymeLegal<\/title>\n<meta name=\"description\" content=\"Preguntes freq\u00fcents sobre protecci\u00f3 de dades, propietat intel\u00b7lectual i industrial i normativa digital.\" \/>\n<meta name=\"robots\" content=\"index, follow, max-snippet:-1, max-image-preview:large, max-video-preview:-1\" \/>\n<link rel=\"canonical\" href=\"https:\/\/www.pymelegal.es\/preguntas-frecuentes-proteccion-de-datos\" \/>\n<meta property=\"og:locale\" content=\"ca_ES\" \/>\n<meta property=\"og:type\" content=\"article\" \/>\n<meta property=\"og:title\" content=\"FAQs - PymeLegal\" \/>\n<meta property=\"og:description\" content=\"Preguntes freq\u00fcents sobre protecci\u00f3 de dades, propietat intel\u00b7lectual i industrial i normativa digital.\" \/>\n<meta property=\"og:url\" content=\"https:\/\/www.pymelegal.es\/preguntas-frecuentes-proteccion-de-datos\" \/>\n<meta property=\"og:site_name\" content=\"PymeLegal\" \/>\n<meta property=\"article:modified_time\" content=\"2025-07-30T06:52:23+00:00\" \/>\n<meta property=\"og:image\" content=\"https:\/\/www.pymelegal.es\/wp-content\/uploads\/2025\/07\/preguntas-frecuentes-pymelegal.jpg\" \/>\n\t<meta property=\"og:image:width\" content=\"1800\" \/>\n\t<meta property=\"og:image:height\" content=\"1211\" \/>\n\t<meta property=\"og:image:type\" content=\"image\/jpeg\" \/>\n<meta name=\"twitter:card\" content=\"summary_large_image\" \/>\n<meta name=\"twitter:label1\" content=\"Temps estimat de lectura\" \/>\n\t<meta name=\"twitter:data1\" content=\"8 minuts\" \/>\n<script type=\"application\/ld+json\" class=\"yoast-schema-graph\">{\"@context\":\"https:\\\/\\\/schema.org\",\"@graph\":[{\"@type\":\"WebPage\",\"@id\":\"https:\\\/\\\/www.pymelegal.es\\\/preguntas-frecuentes-proteccion-de-datos\",\"url\":\"https:\\\/\\\/www.pymelegal.es\\\/preguntas-frecuentes-proteccion-de-datos\",\"name\":\"FAQs - PymeLegal\",\"isPartOf\":{\"@id\":\"https:\\\/\\\/www.pymelegal.es\\\/#website\"},\"primaryImageOfPage\":{\"@id\":\"https:\\\/\\\/www.pymelegal.es\\\/preguntas-frecuentes-proteccion-de-datos#primaryimage\"},\"image\":{\"@id\":\"https:\\\/\\\/www.pymelegal.es\\\/preguntas-frecuentes-proteccion-de-datos#primaryimage\"},\"thumbnailUrl\":\"https:\\\/\\\/www.pymelegal.es\\\/wp-content\\\/uploads\\\/2025\\\/07\\\/preguntas-frecuentes-pymelegal.jpg\",\"datePublished\":\"2021-01-27T14:31:50+00:00\",\"dateModified\":\"2025-07-30T06:52:23+00:00\",\"description\":\"Preguntes freq\u00fcents sobre protecci\u00f3 de dades, propietat intel\u00b7lectual i industrial i normativa digital.\",\"breadcrumb\":{\"@id\":\"https:\\\/\\\/www.pymelegal.es\\\/preguntas-frecuentes-proteccion-de-datos#breadcrumb\"},\"inLanguage\":\"ca\",\"potentialAction\":[{\"@type\":\"ReadAction\",\"target\":[\"https:\\\/\\\/www.pymelegal.es\\\/preguntas-frecuentes-proteccion-de-datos\"]}]},{\"@type\":\"ImageObject\",\"inLanguage\":\"ca\",\"@id\":\"https:\\\/\\\/www.pymelegal.es\\\/preguntas-frecuentes-proteccion-de-datos#primaryimage\",\"url\":\"https:\\\/\\\/www.pymelegal.es\\\/wp-content\\\/uploads\\\/2025\\\/07\\\/preguntas-frecuentes-pymelegal.jpg\",\"contentUrl\":\"https:\\\/\\\/www.pymelegal.es\\\/wp-content\\\/uploads\\\/2025\\\/07\\\/preguntas-frecuentes-pymelegal.jpg\",\"width\":1800,\"height\":1211,\"caption\":\"Preguntas frecuentes | PymeLegal\"},{\"@type\":\"BreadcrumbList\",\"@id\":\"https:\\\/\\\/www.pymelegal.es\\\/preguntas-frecuentes-proteccion-de-datos#breadcrumb\",\"itemListElement\":[{\"@type\":\"ListItem\",\"position\":1,\"name\":\"Portada\",\"item\":\"https:\\\/\\\/www.pymelegal.es\\\/\"},{\"@type\":\"ListItem\",\"position\":2,\"name\":\"Preguntes freq\u00fcents (FAQs)\"}]},{\"@type\":\"WebSite\",\"@id\":\"https:\\\/\\\/www.pymelegal.es\\\/#website\",\"url\":\"https:\\\/\\\/www.pymelegal.es\\\/\",\"name\":\"PymeLegal\",\"description\":\"Adaptaci\u00f3n LOPDGDD-RGPD-LSSICE\",\"publisher\":{\"@id\":\"https:\\\/\\\/www.pymelegal.es\\\/#organization\"},\"potentialAction\":[{\"@type\":\"SearchAction\",\"target\":{\"@type\":\"EntryPoint\",\"urlTemplate\":\"https:\\\/\\\/www.pymelegal.es\\\/?s={search_term_string}\"},\"query-input\":{\"@type\":\"PropertyValueSpecification\",\"valueRequired\":true,\"valueName\":\"search_term_string\"}}],\"inLanguage\":\"ca\"},{\"@type\":\"Organization\",\"@id\":\"https:\\\/\\\/www.pymelegal.es\\\/#organization\",\"name\":\"PymeLegal\",\"url\":\"https:\\\/\\\/www.pymelegal.es\\\/\",\"logo\":{\"@type\":\"ImageObject\",\"inLanguage\":\"ca\",\"@id\":\"https:\\\/\\\/www.pymelegal.es\\\/#\\\/schema\\\/logo\\\/image\\\/\",\"url\":\"https:\\\/\\\/www.pymelegal.es\\\/wp-content\\\/uploads\\\/2023\\\/03\\\/cropped-logo-pymelegal-10-anys-e1678286058678.png\",\"contentUrl\":\"https:\\\/\\\/www.pymelegal.es\\\/wp-content\\\/uploads\\\/2023\\\/03\\\/cropped-logo-pymelegal-10-anys-e1678286058678.png\",\"width\":2364,\"height\":694,\"caption\":\"PymeLegal\"},\"image\":{\"@id\":\"https:\\\/\\\/www.pymelegal.es\\\/#\\\/schema\\\/logo\\\/image\\\/\"}}]}<\/script>\n<!-- \/ Yoast SEO plugin. -->","yoast_head_json":{"title":"FAQs - PymeLegal","description":"Preguntes freq\u00fcents sobre protecci\u00f3 de dades, propietat intel\u00b7lectual i industrial i normativa digital.","robots":{"index":"index","follow":"follow","max-snippet":"max-snippet:-1","max-image-preview":"max-image-preview:large","max-video-preview":"max-video-preview:-1"},"canonical":"https:\/\/www.pymelegal.es\/preguntas-frecuentes-proteccion-de-datos","og_locale":"ca_ES","og_type":"article","og_title":"FAQs - PymeLegal","og_description":"Preguntes freq\u00fcents sobre protecci\u00f3 de dades, propietat intel\u00b7lectual i industrial i normativa digital.","og_url":"https:\/\/www.pymelegal.es\/preguntas-frecuentes-proteccion-de-datos","og_site_name":"PymeLegal","article_modified_time":"2025-07-30T06:52:23+00:00","og_image":[{"width":1800,"height":1211,"url":"https:\/\/www.pymelegal.es\/wp-content\/uploads\/2025\/07\/preguntas-frecuentes-pymelegal.jpg","type":"image\/jpeg"}],"twitter_card":"summary_large_image","twitter_misc":{"Temps estimat de lectura":"8 minuts"},"schema":{"@context":"https:\/\/schema.org","@graph":[{"@type":"WebPage","@id":"https:\/\/www.pymelegal.es\/preguntas-frecuentes-proteccion-de-datos","url":"https:\/\/www.pymelegal.es\/preguntas-frecuentes-proteccion-de-datos","name":"FAQs - PymeLegal","isPartOf":{"@id":"https:\/\/www.pymelegal.es\/#website"},"primaryImageOfPage":{"@id":"https:\/\/www.pymelegal.es\/preguntas-frecuentes-proteccion-de-datos#primaryimage"},"image":{"@id":"https:\/\/www.pymelegal.es\/preguntas-frecuentes-proteccion-de-datos#primaryimage"},"thumbnailUrl":"https:\/\/www.pymelegal.es\/wp-content\/uploads\/2025\/07\/preguntas-frecuentes-pymelegal.jpg","datePublished":"2021-01-27T14:31:50+00:00","dateModified":"2025-07-30T06:52:23+00:00","description":"Preguntes freq\u00fcents sobre protecci\u00f3 de dades, propietat intel\u00b7lectual i industrial i normativa digital.","breadcrumb":{"@id":"https:\/\/www.pymelegal.es\/preguntas-frecuentes-proteccion-de-datos#breadcrumb"},"inLanguage":"ca","potentialAction":[{"@type":"ReadAction","target":["https:\/\/www.pymelegal.es\/preguntas-frecuentes-proteccion-de-datos"]}]},{"@type":"ImageObject","inLanguage":"ca","@id":"https:\/\/www.pymelegal.es\/preguntas-frecuentes-proteccion-de-datos#primaryimage","url":"https:\/\/www.pymelegal.es\/wp-content\/uploads\/2025\/07\/preguntas-frecuentes-pymelegal.jpg","contentUrl":"https:\/\/www.pymelegal.es\/wp-content\/uploads\/2025\/07\/preguntas-frecuentes-pymelegal.jpg","width":1800,"height":1211,"caption":"Preguntas frecuentes | PymeLegal"},{"@type":"BreadcrumbList","@id":"https:\/\/www.pymelegal.es\/preguntas-frecuentes-proteccion-de-datos#breadcrumb","itemListElement":[{"@type":"ListItem","position":1,"name":"Portada","item":"https:\/\/www.pymelegal.es\/"},{"@type":"ListItem","position":2,"name":"Preguntes freq\u00fcents (FAQs)"}]},{"@type":"WebSite","@id":"https:\/\/www.pymelegal.es\/#website","url":"https:\/\/www.pymelegal.es\/","name":"PymeLegal","description":"Adaptaci\u00f3n LOPDGDD-RGPD-LSSICE","publisher":{"@id":"https:\/\/www.pymelegal.es\/#organization"},"potentialAction":[{"@type":"SearchAction","target":{"@type":"EntryPoint","urlTemplate":"https:\/\/www.pymelegal.es\/?s={search_term_string}"},"query-input":{"@type":"PropertyValueSpecification","valueRequired":true,"valueName":"search_term_string"}}],"inLanguage":"ca"},{"@type":"Organization","@id":"https:\/\/www.pymelegal.es\/#organization","name":"PymeLegal","url":"https:\/\/www.pymelegal.es\/","logo":{"@type":"ImageObject","inLanguage":"ca","@id":"https:\/\/www.pymelegal.es\/#\/schema\/logo\/image\/","url":"https:\/\/www.pymelegal.es\/wp-content\/uploads\/2023\/03\/cropped-logo-pymelegal-10-anys-e1678286058678.png","contentUrl":"https:\/\/www.pymelegal.es\/wp-content\/uploads\/2023\/03\/cropped-logo-pymelegal-10-anys-e1678286058678.png","width":2364,"height":694,"caption":"PymeLegal"},"image":{"@id":"https:\/\/www.pymelegal.es\/#\/schema\/logo\/image\/"}}]}},"_links":{"self":[{"href":"https:\/\/www.pymelegal.es\/ca\/wp-json\/wp\/v2\/pages\/15700","targetHints":{"allow":["GET"]}}],"collection":[{"href":"https:\/\/www.pymelegal.es\/ca\/wp-json\/wp\/v2\/pages"}],"about":[{"href":"https:\/\/www.pymelegal.es\/ca\/wp-json\/wp\/v2\/types\/page"}],"author":[{"embeddable":true,"href":"https:\/\/www.pymelegal.es\/ca\/wp-json\/wp\/v2\/users\/1"}],"replies":[{"embeddable":true,"href":"https:\/\/www.pymelegal.es\/ca\/wp-json\/wp\/v2\/comments?post=15700"}],"version-history":[{"count":16,"href":"https:\/\/www.pymelegal.es\/ca\/wp-json\/wp\/v2\/pages\/15700\/revisions"}],"predecessor-version":[{"id":15761,"href":"https:\/\/www.pymelegal.es\/ca\/wp-json\/wp\/v2\/pages\/15700\/revisions\/15761"}],"wp:featuredmedia":[{"embeddable":true,"href":"https:\/\/www.pymelegal.es\/ca\/wp-json\/wp\/v2\/media\/15657"}],"wp:attachment":[{"href":"https:\/\/www.pymelegal.es\/ca\/wp-json\/wp\/v2\/media?parent=15700"}],"curies":[{"name":"wp","href":"https:\/\/api.w.org\/{rel}","templated":true}]}}